{"id":230,"date":"2024-10-18T14:19:40","date_gmt":"2024-10-18T14:19:40","guid":{"rendered":"https:\/\/zaradny-photography.com\/?page_id=230"},"modified":"2024-11-07T19:41:32","modified_gmt":"2024-11-07T19:41:32","slug":"historie","status":"publish","type":"page","link":"https:\/\/zaradny-photography.com\/de\/historie\/","title":{"rendered":"GESCHICHTEN"},"content":{"rendered":"\n<p class=\"has-text-align-center\">HISTORIE<\/p>\n\n\n\n<hr class=\"wp-block-separator has-alpha-channel-opacity\"\/>\n\n\n<div class=\"root-eb-post-grid-zevui alignwide wp-block-essential-blocks-post-grid\">\n    <div class=\"eb-parent-wrapper eb-parent-eb-post-grid-zevui \">\n        <div class=\"eb-post-grid-zevui style-2  eb-post-grid-wrapper\"\n            data-id=\"eb-post-grid-zevui\"\n            data-querydata=\"{&quot;source&quot;:&quot;post&quot;,&quot;sourceIndex&quot;:0,&quot;rest_base&quot;:&quot;posts&quot;,&quot;rest_namespace&quot;:&quot;wp\\\/v2&quot;,&quot;author&quot;:&quot;&quot;,&quot;taxonomies&quot;:[],&quot;per_page&quot;:&quot;12&quot;,&quot;offset&quot;:&quot;0&quot;,&quot;orderby&quot;:&quot;date&quot;,&quot;order&quot;:&quot;desc&quot;,&quot;include&quot;:&quot;&quot;,&quot;exclude&quot;:&quot;&quot;,&quot;exclude_current&quot;:false,&quot;exclude_password_protected&quot;:true}\"\n            data-attributes=\"{&quot;thumbnailSize&quot;:&quot;large&quot;,&quot;loadMoreOptions&quot;:{&quot;enableMorePosts&quot;:true,&quot;loadMoreType&quot;:&quot;1&quot;,&quot;loadMoreButtonTxt&quot;:&quot;Poka\\u017c wi\\u0119cej&quot;,&quot;alignment&quot;:&quot;center&quot;,&quot;prevTxt&quot;:&quot;&lt;&quot;,&quot;nextTxt&quot;:&quot;&gt;&quot;,&quot;totalPosts&quot;:15},&quot;showSearch&quot;:false,&quot;showTaxonomyFilter&quot;:false,&quot;enableAjaxSearch&quot;:false,&quot;addIcon&quot;:false,&quot;iconPosition&quot;:&quot;left&quot;,&quot;icon&quot;:&quot;fas fa-chevron-right&quot;,&quot;preset&quot;:&quot;style-2&quot;,&quot;defaultFilter&quot;:&quot;all&quot;,&quot;version&quot;:&quot;v2&quot;,&quot;showBlockContent&quot;:true,&quot;showFallbackImg&quot;:false,&quot;fallbackImgUrl&quot;:&quot;&quot;,&quot;showThumbnail&quot;:true,&quot;showTitle&quot;:true,&quot;titleLength&quot;:&quot;&quot;,&quot;titleTag&quot;:&quot;h2&quot;,&quot;showContent&quot;:true,&quot;contentLength&quot;:20,&quot;expansionIndicator&quot;:&quot;...&quot;,&quot;showReadMore&quot;:false,&quot;readmoreText&quot;:&quot;Read More&quot;,&quot;showMeta&quot;:false,&quot;headerMeta&quot;:&quot;[{\\&quot;value\\&quot;:\\&quot;date\\&quot;,\\&quot;label\\&quot;:\\&quot;Published Date\\&quot;}]&quot;,&quot;footerMeta&quot;:&quot;[{\\&quot;value\\&quot;:\\&quot;avatar\\&quot;,\\&quot;label\\&quot;:\\&quot;Author Avatar\\&quot;},{\\&quot;value\\&quot;:\\&quot;author\\&quot;,\\&quot;label\\&quot;:\\&quot;Author Name\\&quot;}]&quot;,&quot;authorPrefix&quot;:&quot;by&quot;,&quot;datePrefix&quot;:&quot;on&quot;,&quot;showFeaturedPost&quot;:false,&quot;featuredPostId&quot;:&quot;&quot;,&quot;showFeaturedPostTitle&quot;:true,&quot;showFeaturedPostContent&quot;:false,&quot;showFeaturedPostMeta&quot;:true,&quot;showFeaturedHeaderMeta&quot;:true,&quot;showFeaturedFooterMeta&quot;:true,&quot;featuredMetaItems&quot;:&quot;{}&quot;,&quot;featuredExcerptLength&quot;:10}\">\n\n            \n\n            <div class=\"eb-post-grid-posts-wrapper\"><article class=\"ebpg-grid-post ebpg-post-grid-column\" data-id=\"1161\"><div class=\"ebpg-grid-post-holder\"><div class=\"ebpg-entry-wrapper\"><div class=\"ebpg-entry-media\">\n                <div class=\"ebpg-entry-thumbnail\">\n                    <a class=\"ebpg-post-link-wrapper eb-sr-only\" href=\"https:\/\/zaradny-photography.com\/de\/wiktoria-krystian\/\">Wiktoria &amp; Krystian | Stary Folwark w Ustowie | Poczdam<\/a>\n                    <img loading=\"lazy\" decoding=\"async\" width=\"1024\" height=\"683\" src=\"https:\/\/zaradny-photography.com\/wp-content\/uploads\/2024\/10\/Zaradny-Photography-Film-WiK-192.jpg\" class=\"attachment-large size-large\" alt=\"\" \/>\n                <\/div>\n            <\/div><header class=\"ebpg-entry-header\">\n            <h2 class=\"ebpg-entry-title\">\n                <a class=\"ebpg-grid-post-link\" href=\"https:\/\/zaradny-photography.com\/de\/wiktoria-krystian\/\" title=\"wiktoriaampkrystianstaryfolwarkwustowiepoczdam\">Wiktoria &amp; Krystian | Stary Folwark w Ustowie | Poczdam<\/a>\n            <\/h2>\n        <\/header><div class=\"ebpg-entry-content\"><div class=\"ebpg-grid-post-excerpt\">\n            <p>Co za emocje, co za dzie\u0144 \u2764 w kilku s\u0142owach o nich i ich genialnym dniu: Zjawiskowa, delikatna i dziewcz\u0119ca,&#8230;<\/p>\n        <\/div><\/div><\/div><\/div><\/article><article class=\"ebpg-grid-post ebpg-post-grid-column\" data-id=\"1159\"><div class=\"ebpg-grid-post-holder\"><div class=\"ebpg-entry-wrapper\"><div class=\"ebpg-entry-media\">\n                <div class=\"ebpg-entry-thumbnail\">\n                    <a class=\"ebpg-post-link-wrapper eb-sr-only\" href=\"https:\/\/zaradny-photography.com\/de\/12-2\/\">Karolina &amp; Micha\u0142 | JF Duet | Czarnog\u00f3ra<\/a>\n                    <img loading=\"lazy\" decoding=\"async\" width=\"1024\" height=\"683\" src=\"https:\/\/zaradny-photography.com\/wp-content\/uploads\/2024\/10\/Zaradny-Photography-Film-MiK-135.jpg\" class=\"attachment-large size-large\" alt=\"\" \/>\n                <\/div>\n            <\/div><header class=\"ebpg-entry-header\">\n            <h2 class=\"ebpg-entry-title\">\n                <a class=\"ebpg-grid-post-link\" href=\"https:\/\/zaradny-photography.com\/de\/12-2\/\" title=\"karolinaampmichajfduetczarnogra\">Karolina &amp; Micha\u0142 | JF Duet | Czarnog\u00f3ra<\/a>\n            <\/h2>\n        <\/header><div class=\"ebpg-entry-content\"><div class=\"ebpg-grid-post-excerpt\">\n            <p>S\u0105 takie realizacje, \u017ce \u015bluby i para zapadaj\u0105 nam w pami\u0119\u0107 i serca. Karolina i Micha\u0142 zaprosili nas na sw\u00f3j&#8230;<\/p>\n        <\/div><\/div><\/div><\/div><\/article><article class=\"ebpg-grid-post ebpg-post-grid-column\" data-id=\"1157\"><div class=\"ebpg-grid-post-holder\"><div class=\"ebpg-entry-wrapper\"><div class=\"ebpg-entry-media\">\n                <div class=\"ebpg-entry-thumbnail\">\n                    <a class=\"ebpg-post-link-wrapper eb-sr-only\" href=\"https:\/\/zaradny-photography.com\/de\/11-3\/\">Ola &amp; Przemek | Trzy Korony Bobolice<\/a>\n                    <img loading=\"lazy\" decoding=\"async\" width=\"1024\" height=\"683\" src=\"https:\/\/zaradny-photography.com\/wp-content\/uploads\/2024\/10\/Zaradny-Photography-Film-OiP-29-1024x683.jpg\" class=\"attachment-large size-large\" alt=\"\" \/>\n                <\/div>\n            <\/div><header class=\"ebpg-entry-header\">\n            <h2 class=\"ebpg-entry-title\">\n                <a class=\"ebpg-grid-post-link\" href=\"https:\/\/zaradny-photography.com\/de\/11-3\/\" title=\"olaampprzemektrzykoronybobolice\">Ola &amp; Przemek | Trzy Korony Bobolice<\/a>\n            <\/h2>\n        <\/header><div class=\"ebpg-entry-content\"><div class=\"ebpg-grid-post-excerpt\">\n            <p>Jeste\u015bmy g\u0142\u0119boko przekonani, \u017ce ka\u017cdy cz\u0142owiek na \u015bwiecie ma swoj\u0105 drug\u0105 po\u0142\u00f3wk\u0119, niezale\u017cnie jak d\u0142ugo i jak daleko by szuka\u0142,&#8230;<\/p>\n        <\/div><\/div><\/div><\/div><\/article><article class=\"ebpg-grid-post ebpg-post-grid-column\" data-id=\"1155\"><div class=\"ebpg-grid-post-holder\"><div class=\"ebpg-entry-wrapper\"><div class=\"ebpg-entry-media\">\n                <div class=\"ebpg-entry-thumbnail\">\n                    <a class=\"ebpg-post-link-wrapper eb-sr-only\" href=\"https:\/\/zaradny-photography.com\/de\/10-2\/\">Marta &amp; Piotr | Willa Polanka<\/a>\n                    <img loading=\"lazy\" decoding=\"async\" width=\"1024\" height=\"682\" src=\"https:\/\/zaradny-photography.com\/wp-content\/uploads\/2024\/10\/Zaradny-Photography-Film-MiP-176.jpg\" class=\"attachment-large size-large\" alt=\"\" \/>\n                <\/div>\n            <\/div><header class=\"ebpg-entry-header\">\n            <h2 class=\"ebpg-entry-title\">\n                <a class=\"ebpg-grid-post-link\" href=\"https:\/\/zaradny-photography.com\/de\/10-2\/\" title=\"martaamppiotrwillapolanka\">Marta &amp; Piotr | Willa Polanka<\/a>\n            <\/h2>\n        <\/header><div class=\"ebpg-entry-content\"><div class=\"ebpg-grid-post-excerpt\">\n            <p>Achhh ale to by\u0142 \u015blub !! Slow wedding, bez stresu po\u015bpiechu, ceremonia w ogrodzie, a wesele kilka krok\u00f3w dalej w&#8230;<\/p>\n        <\/div><\/div><\/div><\/div><\/article><article class=\"ebpg-grid-post ebpg-post-grid-column\" data-id=\"1153\"><div class=\"ebpg-grid-post-holder\"><div class=\"ebpg-entry-wrapper\"><div class=\"ebpg-entry-media\">\n                <div class=\"ebpg-entry-thumbnail\">\n                    <a class=\"ebpg-post-link-wrapper eb-sr-only\" href=\"https:\/\/zaradny-photography.com\/de\/8-2\/\">Wiktoria &amp; Rafa\u0142 | Karczma Jana | Morze Ba\u0142tyckie<\/a>\n                    <img loading=\"lazy\" decoding=\"async\" width=\"1024\" height=\"683\" src=\"https:\/\/zaradny-photography.com\/wp-content\/uploads\/2024\/10\/Zaradny-Photography-Film-WiR-28-1024x683.jpg\" class=\"attachment-large size-large\" alt=\"\" \/>\n                <\/div>\n            <\/div><header class=\"ebpg-entry-header\">\n            <h2 class=\"ebpg-entry-title\">\n                <a class=\"ebpg-grid-post-link\" href=\"https:\/\/zaradny-photography.com\/de\/8-2\/\" title=\"wiktoriaamprafakarczmajanamorzebatyckie\">Wiktoria &amp; Rafa\u0142 | Karczma Jana | Morze Ba\u0142tyckie<\/a>\n            <\/h2>\n        <\/header><div class=\"ebpg-entry-content\"><div class=\"ebpg-grid-post-excerpt\">\n            <p>To by\u0142o jedno z tych wesel, kt\u00f3re od samego pocz\u0105tku przepe\u0142nione by\u0142o czystym szcz\u0119\u015bciem, mi\u0142o\u015bci\u0105 i wszechobecn\u0105 rado\u015bci\u0105, kt\u00f3ra udzieli\u0142a&#8230;<\/p>\n        <\/div><\/div><\/div><\/div><\/article><article class=\"ebpg-grid-post ebpg-post-grid-column\" data-id=\"1151\"><div class=\"ebpg-grid-post-holder\"><div class=\"ebpg-entry-wrapper\"><div class=\"ebpg-entry-media\">\n                <div class=\"ebpg-entry-thumbnail\">\n                    <a class=\"ebpg-post-link-wrapper eb-sr-only\" href=\"https:\/\/zaradny-photography.com\/de\/9-2\/\">Marta &amp; Kryspin | Ranczo Radzicz | Poczdam<\/a>\n                    <img loading=\"lazy\" decoding=\"async\" width=\"1024\" height=\"683\" src=\"https:\/\/zaradny-photography.com\/wp-content\/uploads\/2024\/10\/Zaradny-Photography-Film-MiK-179-1-1024x683.jpg\" class=\"attachment-large size-large\" alt=\"\" \/>\n                <\/div>\n            <\/div><header class=\"ebpg-entry-header\">\n            <h2 class=\"ebpg-entry-title\">\n                <a class=\"ebpg-grid-post-link\" href=\"https:\/\/zaradny-photography.com\/de\/9-2\/\" title=\"martaampkryspinranczoradziczpoczdam\">Marta &amp; Kryspin | Ranczo Radzicz | Poczdam<\/a>\n            <\/h2>\n        <\/header><div class=\"ebpg-entry-content\"><div class=\"ebpg-grid-post-excerpt\">\n            <p>Cudowne emocje towarzyszy\u0142y nam w dniu ich \u015blubu. Ceremonia odby\u0142a si\u0119 w ogrodzie w @ranczoradzicz Miejsce magiczne, polecam wszystkim przysz\u0142ym&#8230;<\/p>\n        <\/div><\/div><\/div><\/div><\/article><article class=\"ebpg-grid-post ebpg-post-grid-column\" data-id=\"1149\"><div class=\"ebpg-grid-post-holder\"><div class=\"ebpg-entry-wrapper\"><div class=\"ebpg-entry-media\">\n                <div class=\"ebpg-entry-thumbnail\">\n                    <a class=\"ebpg-post-link-wrapper eb-sr-only\" href=\"https:\/\/zaradny-photography.com\/de\/7-2\/\">Shereen &amp; Micha\u0142 | Villa Schuetzenhof Berlin | G\u00f3ry Bastei<\/a>\n                    <img loading=\"lazy\" decoding=\"async\" width=\"1024\" height=\"683\" src=\"https:\/\/zaradny-photography.com\/wp-content\/uploads\/2024\/10\/Zaradny-Photography-Film-SiM-82-1024x683.jpg\" class=\"attachment-large size-large\" alt=\"\" \/>\n                <\/div>\n            <\/div><header class=\"ebpg-entry-header\">\n            <h2 class=\"ebpg-entry-title\">\n                <a class=\"ebpg-grid-post-link\" href=\"https:\/\/zaradny-photography.com\/de\/7-2\/\" title=\"shereenampmichavillaschuetzenhofberlingrybastei\">Shereen &amp; Micha\u0142 | Villa Schuetzenhof Berlin | G\u00f3ry Bastei<\/a>\n            <\/h2>\n        <\/header><div class=\"ebpg-entry-content\"><div class=\"ebpg-grid-post-excerpt\">\n            <p>\u015alub Shereen i Micha\u0142a odby\u0142 si\u0119 w ogrodzie tu\u017c obok zabytkowej Willi Schuetzenhof  w sercu Berlina. @villaschuetzenhof. Na sesj\u0119&#8230;<\/p>\n        <\/div><\/div><\/div><\/div><\/article><article class=\"ebpg-grid-post ebpg-post-grid-column\" data-id=\"1147\"><div class=\"ebpg-grid-post-holder\"><div class=\"ebpg-entry-wrapper\"><div class=\"ebpg-entry-media\">\n                <div class=\"ebpg-entry-thumbnail\">\n                    <a class=\"ebpg-post-link-wrapper eb-sr-only\" href=\"https:\/\/zaradny-photography.com\/de\/6-2\/\">Chantal &amp; Mathias | Zamek Czocha<\/a>\n                    <img loading=\"lazy\" decoding=\"async\" width=\"1024\" height=\"683\" src=\"https:\/\/zaradny-photography.com\/wp-content\/uploads\/2024\/10\/Zaradny-Photography-Film-CiM-slider-1-1024x683.jpg\" class=\"attachment-large size-large\" alt=\"\" \/>\n                <\/div>\n            <\/div><header class=\"ebpg-entry-header\">\n            <h2 class=\"ebpg-entry-title\">\n                <a class=\"ebpg-grid-post-link\" href=\"https:\/\/zaradny-photography.com\/de\/6-2\/\" title=\"chantalampmathiaszamekczocha\">Chantal &amp; Mathias | Zamek Czocha<\/a>\n            <\/h2>\n        <\/header><div class=\"ebpg-entry-content\"><div class=\"ebpg-grid-post-excerpt\">\n            <p>\u015alub humanistyczny w Zamku Czocha. Jak dostali\u015bmy pytanie od Pary M\u0142odej, czy chcieliby\u015bmy fotografowa\u0107 ich \u015blub w tym miejscu, to&#8230;<\/p>\n        <\/div><\/div><\/div><\/div><\/article><article class=\"ebpg-grid-post ebpg-post-grid-column\" data-id=\"1145\"><div class=\"ebpg-grid-post-holder\"><div class=\"ebpg-entry-wrapper\"><div class=\"ebpg-entry-media\">\n                <div class=\"ebpg-entry-thumbnail\">\n                    <a class=\"ebpg-post-link-wrapper eb-sr-only\" href=\"https:\/\/zaradny-photography.com\/de\/5-3\/\">Janny &amp; Max | Zamek Joannit\u00f3w w \u0141agowie<\/a>\n                    <img loading=\"lazy\" decoding=\"async\" width=\"1024\" height=\"683\" src=\"https:\/\/zaradny-photography.com\/wp-content\/uploads\/2024\/10\/Zaradny-Photography-Film-JM-80-1024x683.jpg\" class=\"attachment-large size-large\" alt=\"\" \/>\n                <\/div>\n            <\/div><header class=\"ebpg-entry-header\">\n            <h2 class=\"ebpg-entry-title\">\n                <a class=\"ebpg-grid-post-link\" href=\"https:\/\/zaradny-photography.com\/de\/5-3\/\" title=\"jannyampmaxzamekjoannitwwagowie\">Janny &amp; Max | Zamek Joannit\u00f3w w \u0141agowie<\/a>\n            <\/h2>\n        <\/header><div class=\"ebpg-entry-content\"><div class=\"ebpg-grid-post-excerpt\">\n            <p>Jenny i Max postanowili si\u0119 pobra\u0107 w Zamku Jonnit\u00f3w w \u0141agowie @zamek_lagow Ceremonia odby\u0142a si\u0119 u podn\u00f3\u017ca mur\u00f3w zamku tu\u017c&#8230;<\/p>\n        <\/div><\/div><\/div><\/div><\/article><article class=\"ebpg-grid-post ebpg-post-grid-column\" data-id=\"1143\"><div class=\"ebpg-grid-post-holder\"><div class=\"ebpg-entry-wrapper\"><div class=\"ebpg-entry-media\">\n                <div class=\"ebpg-entry-thumbnail\">\n                    <a class=\"ebpg-post-link-wrapper eb-sr-only\" href=\"https:\/\/zaradny-photography.com\/de\/4-3\/\">Paulina &amp; Darek | Trzy Korony Bobolice | Poczdam<\/a>\n                    <img loading=\"lazy\" decoding=\"async\" width=\"1024\" height=\"683\" src=\"https:\/\/zaradny-photography.com\/wp-content\/uploads\/2024\/10\/Zaradny-Photography-Film-PiD-150.jpg\" class=\"attachment-large size-large\" alt=\"\" \/>\n                <\/div>\n            <\/div><header class=\"ebpg-entry-header\">\n            <h2 class=\"ebpg-entry-title\">\n                <a class=\"ebpg-grid-post-link\" href=\"https:\/\/zaradny-photography.com\/de\/4-3\/\" title=\"paulinaampdarektrzykoronybobolicepoczdam\">Paulina &amp; Darek | Trzy Korony Bobolice | Poczdam<\/a>\n            <\/h2>\n        <\/header><div class=\"ebpg-entry-content\"><div class=\"ebpg-grid-post-excerpt\">\n            <p>Takie warunki!! Sala przepi\u0119knie udekorowana, idealny plener, s\u0142o\u0144ce w z\u0142otych odcieniach i ONI&#8230; szale\u0144czo zakochani, naturalni i pi\u0119kni \u2764 Paulina&#8230;<\/p>\n        <\/div><\/div><\/div><\/div><\/article><article class=\"ebpg-grid-post ebpg-post-grid-column\" data-id=\"1141\"><div class=\"ebpg-grid-post-holder\"><div class=\"ebpg-entry-wrapper\"><div class=\"ebpg-entry-media\">\n                <div class=\"ebpg-entry-thumbnail\">\n                    <a class=\"ebpg-post-link-wrapper eb-sr-only\" href=\"https:\/\/zaradny-photography.com\/de\/3-3\/\">Ania &amp; Patryk | Wenus Kobylanka | Opactwo cysters\u00f3w w Lubi\u0105\u017cy<\/a>\n                    <img loading=\"lazy\" decoding=\"async\" width=\"1024\" height=\"683\" src=\"https:\/\/zaradny-photography.com\/wp-content\/uploads\/2024\/10\/Zaradny-Photography-Film-104.jpg\" class=\"attachment-large size-large\" alt=\"\" \/>\n                <\/div>\n            <\/div><header class=\"ebpg-entry-header\">\n            <h2 class=\"ebpg-entry-title\">\n                <a class=\"ebpg-grid-post-link\" href=\"https:\/\/zaradny-photography.com\/de\/3-3\/\" title=\"aniaamppatrykwenuskobylankaopactwocysterswwlubiy\">Ania &amp; Patryk | Wenus Kobylanka | Opactwo cysters\u00f3w w Lubi\u0105\u017cy<\/a>\n            <\/h2>\n        <\/header><div class=\"ebpg-entry-content\"><div class=\"ebpg-grid-post-excerpt\">\n            <p>Image Not Found! Try Again\n\n\n\n\n\n\n\n\n\n\n\n\n\n\nPozosta\u0144my w kontakcie.\n\n\n\nKontakt\n\n\n\n\n\n\n\n\nObserwuj nas \n\n\n\nInstagram \/ Facebook&#8230;<\/p>\n        <\/div><\/div><\/div><\/div><\/article><article class=\"ebpg-grid-post ebpg-post-grid-column\" data-id=\"1139\"><div class=\"ebpg-grid-post-holder\"><div class=\"ebpg-entry-wrapper\"><div class=\"ebpg-entry-media\">\n                <div class=\"ebpg-entry-thumbnail\">\n                    <a class=\"ebpg-post-link-wrapper eb-sr-only\" href=\"https:\/\/zaradny-photography.com\/de\/2-2\/\">Agata &amp; Piotr | Wenus Kobylanka | Cedy\u0144skie Wrzosowiska<\/a>\n                    <img loading=\"lazy\" decoding=\"async\" width=\"1024\" height=\"683\" src=\"https:\/\/zaradny-photography.com\/wp-content\/uploads\/2024\/10\/Zaradny-Photography-Film-AP-slider-1024x683.jpg\" class=\"attachment-large size-large\" alt=\"\" \/>\n                <\/div>\n            <\/div><header class=\"ebpg-entry-header\">\n            <h2 class=\"ebpg-entry-title\">\n                <a class=\"ebpg-grid-post-link\" href=\"https:\/\/zaradny-photography.com\/de\/2-2\/\" title=\"agataamppiotrwenuskobylankacedyskiewrzosowiska\">Agata &amp; Piotr | Wenus Kobylanka | Cedy\u0144skie Wrzosowiska<\/a>\n            <\/h2>\n        <\/header><div class=\"ebpg-entry-content\"><div class=\"ebpg-grid-post-excerpt\">\n            <p>Image Not Found! Try Again\n\n\n\n\n\n\n\n\n\n\n\n\n\n\nPozosta\u0144my w kontakcie.\n\n\n\nKontakt\n\n\n\n\n\n\n\n\nObserwuj nas \n\n\n\nInstagram \/ Facebook&#8230;<\/p>\n        <\/div><\/div><\/div><\/div><\/article><\/div><p class=\"eb-no-posts eb-loadmore-no-post\" style=\"display: none;\">No more posts<\/p><div class=\"ebpostgrid-pagination ebpg-pagination \"><button class=\"btn ebpg-pagination-button\" data-pagenumber=\"1\">Poka\u017c wi\u0119cej<\/button><\/div>        <\/div>\n    <\/div>\n<\/div>\n\n\n\n<hr class=\"wp-block-separator alignfull has-alpha-channel-opacity is-style-wide\"\/>\n\n\n\n<div class=\"wp-block-cover alignfull is-light\"><span aria-hidden=\"true\" class=\"wp-block-cover__background has-base-background-color has-background-dim-100 has-background-dim\"><\/span><div class=\"wp-block-cover__inner-container is-layout-flow wp-block-cover-is-layout-flow\">\n<div class=\"wp-block-media-text alignwide is-stacked-on-mobile is-vertically-aligned-center is-image-fill\" style=\"grid-template-columns:56% auto\"><figure class=\"wp-block-media-text__media\" style=\"background-image:url(http:\/\/zaradny-photography.com\/wp-content\/uploads\/2024\/10\/Zaradny-Photography-Film-plener-2024-64.jpg);background-position:50% 27%\"><img loading=\"lazy\" decoding=\"async\" width=\"1024\" height=\"683\" src=\"http:\/\/zaradny-photography.com\/wp-content\/uploads\/2024\/10\/Zaradny-Photography-Film-plener-2024-64.jpg\" alt=\"\" class=\"wp-image-4204 size-full\" srcset=\"https:\/\/zaradny-photography.com\/wp-content\/uploads\/2024\/10\/Zaradny-Photography-Film-plener-2024-64.jpg 1024w, https:\/\/zaradny-photography.com\/wp-content\/uploads\/2024\/10\/Zaradny-Photography-Film-plener-2024-64-300x200.jpg 300w, https:\/\/zaradny-photography.com\/wp-content\/uploads\/2024\/10\/Zaradny-Photography-Film-plener-2024-64-768x512.jpg 768w\" sizes=\"auto, (max-width: 1024px) 100vw, 1024px\" \/><\/figure><div class=\"wp-block-media-text__content\">\n<div class=\"wp-block-group alignwide is-layout-flow wp-block-group-is-layout-flow\" style=\"padding-top:var(--wp--preset--spacing--50);padding-bottom:var(--wp--preset--spacing--50)\">\n<div class=\"wp-block-columns is-layout-flex wp-container-core-columns-is-layout-633352e7 wp-block-columns-is-layout-flex\" style=\"padding-top:var(--wp--preset--spacing--10)\">\n<div class=\"wp-block-column is-layout-flow wp-block-column-is-layout-flow\" style=\"flex-basis:34.48%\">\n<div class=\"wp-block-columns is-not-stacked-on-mobile is-layout-flex wp-container-core-columns-is-layout-28f84493 wp-block-columns-is-layout-flex\">\n<div class=\"wp-block-column is-layout-flow wp-block-column-is-layout-flow\">\n<div class=\"wp-block-group is-vertical is-layout-flex wp-container-core-group-is-layout-ea0cb840 wp-block-group-is-layout-flex\">\n<h3 class=\"wp-block-heading has-text-align-center has-heading-font-family has-medium-font-size\">OBSERWUJ NAS <\/h3>\n\n\n\n<p><a href=\"https:\/\/www.instagram.com\/zaradnyphotography\/\" data-type=\"link\" data-id=\"https:\/\/www.instagram.com\/zaradnyphotography_szczecin\/\">Instagram<\/a> \/ <a href=\"https:\/\/www.facebook.com\/zaradnyphotography\/\" data-type=\"link\" data-id=\"https:\/\/www.facebook.com\/zaradnyphotography\/\">Facebook<\/a><\/p>\n<\/div>\n<\/div>\n<\/div>\n<\/div>\n<\/div>\n\n\n\n<hr class=\"wp-block-separator has-alpha-channel-opacity is-style-wide\"\/>\n\n\n\n<h3 class=\"wp-block-heading has-heading-font-family has-large-font-size\">Podoba Ci si\u0119?<\/h3>\n\n\n\n<p>Kliknij poni\u017cej aby si\u0119 z nami skontaktowa\u0107!<\/p>\n\n\n\n<div class=\"wp-block-buttons is-layout-flex wp-block-buttons-is-layout-flex\">\n<div class=\"wp-block-button\"><a class=\"wp-block-button__link wp-element-button\" href=\"https:\/\/zaradny-photography.com\/kontakt\/\">KONTAKT<\/a><\/div>\n<\/div>\n<\/div>\n<\/div><\/div>\n<\/div><\/div>\n\n\n\n<hr class=\"wp-block-separator alignfull has-alpha-channel-opacity is-style-wide\"\/>\n\n\n\n<p><\/p>\n","protected":false},"excerpt":{"rendered":"<p>GESCHICHTEN<\/p>","protected":false},"author":2,"featured_media":0,"parent":0,"menu_order":0,"comment_status":"closed","ping_status":"closed","template":"","meta":{"_eb_attr":"","footnotes":""},"class_list":["post-230","page","type-page","status-publish","hentry"],"_links":{"self":[{"href":"https:\/\/zaradny-photography.com\/de\/wp-json\/wp\/v2\/pages\/230","targetHints":{"allow":["GET"]}}],"collection":[{"href":"https:\/\/zaradny-photography.com\/de\/wp-json\/wp\/v2\/pages"}],"about":[{"href":"https:\/\/zaradny-photography.com\/de\/wp-json\/wp\/v2\/types\/page"}],"author":[{"embeddable":true,"href":"https:\/\/zaradny-photography.com\/de\/wp-json\/wp\/v2\/users\/2"}],"replies":[{"embeddable":true,"href":"https:\/\/zaradny-photography.com\/de\/wp-json\/wp\/v2\/comments?post=230"}],"version-history":[{"count":11,"href":"https:\/\/zaradny-photography.com\/de\/wp-json\/wp\/v2\/pages\/230\/revisions"}],"predecessor-version":[{"id":4584,"href":"https:\/\/zaradny-photography.com\/de\/wp-json\/wp\/v2\/pages\/230\/revisions\/4584"}],"wp:attachment":[{"href":"https:\/\/zaradny-photography.com\/de\/wp-json\/wp\/v2\/media?parent=230"}],"curies":[{"name":"wp","href":"https:\/\/api.w.org\/{rel}","templated":true}]}}