{"id":3382,"date":"2024-10-23T16:30:45","date_gmt":"2024-10-23T16:30:45","guid":{"rendered":"https:\/\/zaradny-photography.com\/?page_id=3382"},"modified":"2024-11-07T19:30:53","modified_gmt":"2024-11-07T19:30:53","slug":"oferta","status":"publish","type":"page","link":"https:\/\/zaradny-photography.com\/de\/oferta\/","title":{"rendered":"ANGEBOT"},"content":{"rendered":"<p class=\"has-text-align-center\">ANGEBOT &amp; FAQ<\/p>\n\n\n\n<hr class=\"wp-block-separator has-alpha-channel-opacity\"\/>\n\n\n\n<figure class=\"wp-block-pullquote alignwide has-background has-medium-font-size\" style=\"background-color:#edebea\"><blockquote><p>Willkommen an dem Ort, an dem alle Ihre Fragen beantwortet werden. Wir haben diese Website speziell f\u00fcr Sie erstellt \u2013 um Sie bei der Auswahl eines Fotografen und Videofilmers zu unterst\u00fctzen, Ihre Fragen zu beantworten und Informationen bereitzustellen, die Ihren Hochzeitstag unvergesslich machen.<\/p><\/blockquote><\/figure>\n\n\n\n<div class=\"wp-block-group alignfull has-global-padding is-layout-constrained wp-container-core-group-is-layout-d89aad35 wp-block-group-is-layout-constrained\" style=\"margin-top:0;margin-bottom:0;padding-top:var(--wp--preset--spacing--50);padding-right:var(--wp--preset--spacing--50);padding-bottom:var(--wp--preset--spacing--50);padding-left:var(--wp--preset--spacing--50)\">\n<p class=\"has-text-align-center has-contrast-color has-text-color has-link-color has-large-font-size wp-elements-403ccc8df3191a31c29186c577b685a6\">Was machen wir?<\/p>\n\n\n\n<div class=\"wp-block-group alignwide has-global-padding is-layout-constrained wp-container-core-group-is-layout-19e250f3 wp-block-group-is-layout-constrained\">\n<div style=\"height:var(--wp--preset--spacing--40)\" aria-hidden=\"true\" class=\"wp-block-spacer\"><\/div>\n\n\n\n<div class=\"wp-block-columns alignwide is-layout-flex wp-container-core-columns-is-layout-d1c656ed wp-block-columns-is-layout-flex\">\n<div class=\"wp-block-column is-vertically-aligned-center is-layout-flow wp-block-column-is-layout-flow\" style=\"flex-basis:40%\">\n<h3 class=\"wp-block-heading is-style-asterisk has-accent-2-color has-text-color has-link-color has-large-font-size wp-elements-934a11af3937d03dafd34cfb24876005\">HOCHZEITSFOTOGRAFIE <\/h3>\n\n\n\n<p class=\"is-style-checkmark-list\">Wir m\u00f6chten, dass Hochzeitsfotos Teil Ihrer Familiengeschichte werden. M\u00f6gen sie Ihre Augen noch viele Jahre nach Ihrer Hochzeit erfreuen.<br>Deshalb konzentrieren wir uns auf klassische, zeitlose Farben, die nie aus der Mode kommen. Denken Sie daran, Hochzeiten vergehen schnell, Erinnerungen verblassen. Was Ihnen jahrelang in Erinnerung bleiben wird, sind Ihre Hochzeitsfotos.<\/p>\n<\/div>\n\n\n\n<div class=\"wp-block-column is-layout-flow wp-block-column-is-layout-flow\" style=\"flex-basis:50%\">\n<figure class=\"wp-block-image size-full is-style-rounded is-style-rounded--1\"><img loading=\"lazy\" decoding=\"async\" width=\"1920\" height=\"1280\" src=\"http:\/\/zaradny-photography.com\/wp-content\/uploads\/2024\/10\/Zaradny-Photography-Film-plener-2024-36-1.jpg\" alt=\"\" class=\"wp-image-4467\" srcset=\"https:\/\/zaradny-photography.com\/wp-content\/uploads\/2024\/10\/Zaradny-Photography-Film-plener-2024-36-1.jpg 1920w, https:\/\/zaradny-photography.com\/wp-content\/uploads\/2024\/10\/Zaradny-Photography-Film-plener-2024-36-1-300x200.jpg 300w, https:\/\/zaradny-photography.com\/wp-content\/uploads\/2024\/10\/Zaradny-Photography-Film-plener-2024-36-1-1024x683.jpg 1024w, https:\/\/zaradny-photography.com\/wp-content\/uploads\/2024\/10\/Zaradny-Photography-Film-plener-2024-36-1-768x512.jpg 768w, https:\/\/zaradny-photography.com\/wp-content\/uploads\/2024\/10\/Zaradny-Photography-Film-plener-2024-36-1-1536x1024.jpg 1536w\" sizes=\"auto, (max-width: 1920px) 100vw, 1920px\" \/><\/figure>\n<\/div>\n<\/div>\n\n\n\n<div style=\"height:var(--wp--preset--spacing--40)\" aria-hidden=\"true\" class=\"wp-block-spacer\"><\/div>\n\n\n\n<div class=\"wp-block-columns alignwide is-layout-flex wp-container-core-columns-is-layout-d1c656ed wp-block-columns-is-layout-flex\">\n<div class=\"wp-block-column is-vertically-aligned-center is-layout-flow wp-block-column-is-layout-flow\" style=\"flex-basis:40%\">\n<h3 class=\"wp-block-heading is-style-asterisk has-accent-2-color has-text-color has-link-color has-large-font-size wp-elements-9bf1b58c55198ea912aa7c28fa08b395\">HOCHZEITSFILM<\/h3>\n\n\n\n<p class=\"is-style-checkmark-list\">Aus unserer zweiten Liebe wurde ein Bewegtbild \u2013 ein Hochzeitsfilm. Ab 2021 erstellen wir f\u00fcr Sie auch moderne Hochzeitsfilme, erf\u00fcllt von Ihrer N\u00e4he und Nat\u00fcrlichkeit. Wir finden Inspiration in Ihnen und Ihren Familien, in diesen kleinen Gesten, diskreten Blicken, Freude, Emotionen, Lachen und Tr\u00e4nen. Sie erhalten von uns einen dynamischen Hochzeitsfilm in der von uns festgelegten L\u00e4nge (max. 45 Minuten) und ein Hochzeitsmusikvideo als Zusammenfassung der gesamten Veranstaltung. <\/p>\n<\/div>\n\n\n\n<div class=\"wp-block-column is-layout-flow wp-block-column-is-layout-flow\" style=\"flex-basis:50%\">\n<figure class=\"wp-block-image size-full is-style-rounded is-style-rounded--2\"><img loading=\"lazy\" decoding=\"async\" width=\"2560\" height=\"1707\" src=\"http:\/\/zaradny-photography.com\/wp-content\/uploads\/2024\/10\/Zaradny-Photography-Film-PiH-69-1-scaled.jpg\" alt=\"\" class=\"wp-image-4470\" srcset=\"https:\/\/zaradny-photography.com\/wp-content\/uploads\/2024\/10\/Zaradny-Photography-Film-PiH-69-1-scaled.jpg 2560w, https:\/\/zaradny-photography.com\/wp-content\/uploads\/2024\/10\/Zaradny-Photography-Film-PiH-69-1-300x200.jpg 300w, https:\/\/zaradny-photography.com\/wp-content\/uploads\/2024\/10\/Zaradny-Photography-Film-PiH-69-1-1024x683.jpg 1024w, https:\/\/zaradny-photography.com\/wp-content\/uploads\/2024\/10\/Zaradny-Photography-Film-PiH-69-1-768x512.jpg 768w, https:\/\/zaradny-photography.com\/wp-content\/uploads\/2024\/10\/Zaradny-Photography-Film-PiH-69-1-1536x1024.jpg 1536w, https:\/\/zaradny-photography.com\/wp-content\/uploads\/2024\/10\/Zaradny-Photography-Film-PiH-69-1-2048x1365.jpg 2048w\" sizes=\"auto, (max-width: 2560px) 100vw, 2560px\" \/><\/figure>\n<\/div>\n<\/div>\n<\/div>\n\n\n\n<div class=\"wp-block-group alignwide has-global-padding is-layout-constrained wp-container-core-group-is-layout-19e250f3 wp-block-group-is-layout-constrained\">\n<div style=\"height:var(--wp--preset--spacing--40)\" aria-hidden=\"true\" class=\"wp-block-spacer\"><\/div>\n\n\n\n<div class=\"wp-block-columns alignwide is-layout-flex wp-container-core-columns-is-layout-d1c656ed wp-block-columns-is-layout-flex\">\n<div class=\"wp-block-column is-vertically-aligned-center is-layout-flow wp-block-column-is-layout-flow\" style=\"flex-basis:40%\">\n<h3 class=\"wp-block-heading is-style-asterisk has-accent-2-color has-text-color has-link-color has-large-font-size wp-elements-7d950c29b2435b8fc73862f795d03a2f\">FAMILIENFOTOGRAFIE<\/h3>\n\n\n\n<p class=\"is-style-checkmark-list\">Familienfotos sind in den sozialen Medien zu sehen. Wir machen Lifestyle-Fotos: Familie, Kinder, Neugeborene, Kommunionen, Mutterschaft, Weihnachtssessions an erstaunlichen und ungew\u00f6hnlichen Orten :) Jedes Jahr vermieten wir etwas Besonderes f\u00fcr Sie. Ich lade Sie ein, mir zu folgen<\/p>\n\n\n\n<p><a href=\"https:\/\/www.instagram.com\/faustynazaradny_photography\/\">Instagram <\/a> &amp;<a href=\"https:\/\/www.facebook.com\/faustynazaradnyfotografia\"> Facebook<\/a><\/p>\n<\/div>\n\n\n\n<div class=\"wp-block-column is-layout-flow wp-block-column-is-layout-flow\" style=\"flex-basis:50%\">\n<figure class=\"wp-block-image size-full is-style-rounded is-style-rounded--3\"><img loading=\"lazy\" decoding=\"async\" width=\"1800\" height=\"1200\" src=\"http:\/\/zaradny-photography.com\/wp-content\/uploads\/2024\/10\/459021911_994714265999946_4624696145883573844_n.jpg\" alt=\"\" class=\"wp-image-4368\" srcset=\"https:\/\/zaradny-photography.com\/wp-content\/uploads\/2024\/10\/459021911_994714265999946_4624696145883573844_n.jpg 1800w, https:\/\/zaradny-photography.com\/wp-content\/uploads\/2024\/10\/459021911_994714265999946_4624696145883573844_n-300x200.jpg 300w, https:\/\/zaradny-photography.com\/wp-content\/uploads\/2024\/10\/459021911_994714265999946_4624696145883573844_n-1024x683.jpg 1024w, https:\/\/zaradny-photography.com\/wp-content\/uploads\/2024\/10\/459021911_994714265999946_4624696145883573844_n-768x512.jpg 768w, https:\/\/zaradny-photography.com\/wp-content\/uploads\/2024\/10\/459021911_994714265999946_4624696145883573844_n-1536x1024.jpg 1536w\" sizes=\"auto, (max-width: 1800px) 100vw, 1800px\" \/><\/figure>\n<\/div>\n<\/div>\n<\/div>\n<\/div>\n\n\n\n<div class=\"wp-block-group alignfull has-global-padding is-layout-constrained wp-container-core-group-is-layout-669513ed wp-block-group-is-layout-constrained\" style=\"margin-top:0;margin-bottom:0;padding-top:var(--wp--preset--spacing--50);padding-right:var(--wp--preset--spacing--50);padding-bottom:var(--wp--preset--spacing--50);padding-left:var(--wp--preset--spacing--50)\">\n<div class=\"wp-block-group alignwide has-base-2-background-color has-background has-global-padding is-layout-constrained wp-container-core-group-is-layout-a151063b wp-block-group-is-layout-constrained\" style=\"border-radius:16px;padding-top:var(--wp--preset--spacing--50);padding-right:var(--wp--preset--spacing--40);padding-bottom:var(--wp--preset--spacing--50);padding-left:var(--wp--preset--spacing--40)\">\n<div class=\"wp-block-group alignwide is-vertical is-content-justification-stretch is-layout-flex wp-container-core-group-is-layout-353c4f5a wp-block-group-is-layout-flex\">\n<h2 class=\"wp-block-heading has-text-align-center has-large-font-size\">Unsere Musterpakete<\/h2>\n<\/div>\n\n\n\n<div style=\"height:var(--wp--preset--spacing--30)\" aria-hidden=\"true\" class=\"wp-block-spacer\"><\/div>\n\n\n\n<div class=\"wp-block-columns alignwide is-layout-flex wp-container-core-columns-is-layout-06670bbc wp-block-columns-is-layout-flex\">\n<div class=\"wp-block-column is-layout-flow wp-block-column-is-layout-flow\" style=\"border-top-color:var(--wp--preset--color--contrast-3);border-top-width:1px;padding-top:var(--wp--preset--spacing--30);padding-right:var(--wp--preset--spacing--30);padding-bottom:var(--wp--preset--spacing--10);padding-left:var(--wp--preset--spacing--30)\">\n<blockquote class=\"wp-block-quote is-layout-flow wp-block-quote-is-layout-flow\">\n<h5 class=\"wp-block-heading\"><strong>Paket 1 (Fotografie) \u2013 Reportage am Hochzeitstag + Outdoor-Session an einem anderen Tag<\/strong><\/h5>\n<\/blockquote>\n\n\n\n<ul class=\"wp-block-list\">\n<li>Vorbereitung des Brautpaares in Familienh\u00e4usern oder anderswo\/<\/li>\n\n\n\n<li>&nbsp;Hochzeitszeremonie, W\u00fcnsche \/<\/li>\n\n\n\n<li>Gruppenfoto, Einzelunterricht mit G\u00e4sten \/ Kurze Outdoor-Sitzung des Brautpaares in der N\u00e4he des Hochzeitssaals <\/li>\n\n\n\n<li>Hochzeit (bis 01:00) <\/li>\n\n\n\n<li>400-500 Reportagefotos sorgf\u00e4ltig grafisch aufbereitet <\/li>\n\n\n\n<li>Pendrive mit aufgenommenen Fotos.<\/li>\n\n\n\n<li>Outdoor-Arbeit an einem anderen Tag \u2013 (50 Outdoor-Fotos sorgf\u00e4ltig bearbeitet) \/&nbsp;<\/li>\n\n\n\n<li>Online-Galerie mit Link f\u00fcr G\u00e4ste<\/li>\n<\/ul>\n\n\n\n<p>Bei Auswahl des oben genannten Pakets (Hochzeitsreportage + Outdoor-Fotoshooting an einem anderen Tag) ist ein 30\/30 cm gro\u00dfes Fotoalbum mit 40-50 Fotos im Album im Preis der Dienstleistung enthalten.&nbsp;<\/p>\n<\/div>\n\n\n\n<div class=\"wp-block-column is-layout-flow wp-block-column-is-layout-flow\" style=\"border-top-color:var(--wp--preset--color--contrast);border-top-width:2px;padding-top:var(--wp--preset--spacing--30);padding-right:var(--wp--preset--spacing--30);padding-bottom:var(--wp--preset--spacing--10);padding-left:var(--wp--preset--spacing--30)\">\n<blockquote class=\"wp-block-quote is-layout-flow wp-block-quote-is-layout-flow\">\n<h5 class=\"wp-block-heading\"><strong>Paket 2 (Fotografie) Reportage zum Hochzeitstag<\/strong> <\/h5>\n<\/blockquote>\n\n\n\n<ul class=\"wp-block-list\">\n<li>Vorbereitung des Brautpaares in Familienh\u00e4usern oder anderswo\/<\/li>\n\n\n\n<li>Hochzeitszeremonie, W\u00fcnsche \/<\/li>\n\n\n\n<li>Gruppenfoto, Einzelunterricht mit G\u00e4sten \/ Kurze Outdoor-Sitzung des Brautpaares in der N\u00e4he des Hochzeitssaals &nbsp;<\/li>\n\n\n\n<li>Hochzeit (max. bis 01:00 Uhr) <\/li>\n\n\n\n<li>400-500 Reportagefotos sorgf\u00e4ltig grafisch aufbereitet <\/li>\n\n\n\n<li>Pendrive mit aufgenommenen Fotos.&nbsp;<\/li>\n\n\n\n<li>Online-Galerie mit Link f\u00fcr G\u00e4ste<\/li>\n<\/ul>\n\n\n\n<p>Die Option ist mit und ohne Album erh\u00e4ltlich. Oder bevorzugen Sie vielleicht Abz\u00fcge? Dies ist auch bei uns erh\u00e4ltlich.<\/p>\n<\/div>\n\n\n\n<div class=\"wp-block-column is-layout-flow wp-block-column-is-layout-flow\" style=\"border-top-color:var(--wp--preset--color--contrast-3);border-top-width:1px;padding-top:var(--wp--preset--spacing--30);padding-right:var(--wp--preset--spacing--30);padding-bottom:var(--wp--preset--spacing--10);padding-left:var(--wp--preset--spacing--30)\">\n<blockquote class=\"wp-block-quote is-layout-flow wp-block-quote-is-layout-flow\">\n<h5 class=\"wp-block-heading\"><strong>Paket 3 (Film) \u2013 Reportage zum Hochzeitstag<\/strong> <\/h5>\n<\/blockquote>\n\n\n\n<ul class=\"wp-block-list\">\n<li>Vorbereitung der Braut, des Br\u00e4utigams, Firstlook,&nbsp;<\/li>\n\n\n\n<li>Hochzeitszeremonie, W\u00fcnsche,&nbsp;<\/li>\n\n\n\n<li>Hochzeitsempfang bis zur Trauung (max. bis 01:00 Uhr)&nbsp;<\/li>\n\n\n\n<li>Wir pr\u00e4sentieren einen dynamischen Film mit einer L\u00e4nge von 30 Min. 0,5 Stunden oder bis zu ca. 1 Stunde. (Full HD) Musikvideo bis zu 4-5 Min. (Full HD)<\/li>\n\n\n\n<li>Mittel \u2013 personalisierter USB-Stick sowie ein Link zum Online-Download des Films.&nbsp;<\/li>\n<\/ul>\n\n\n\n<p>Der Film wird mit der neuesten Generation von SONY-Digitalkameras und unter Verwendung der hochwertigsten Ausr\u00fcstung (Kardanringe, Stative) aufgenommen. Der Film enth\u00e4lt auch Drohnenaufnahmen. Bei der Wahl eines Pakets mit Outdoor-Session wird die zus\u00e4tzliche Zeit f\u00fcr den Film an einem anderen Tag als der Hochzeit durchgef\u00fchrt. <strong>Fragen Sie nach dem Paket (Foto + Video) im Set, wir gew\u00e4hren Ihnen % Rabatt<\/strong><\/p>\n<\/div>\n<\/div>\n<\/div>\n<\/div>\n\n\n\n<div class=\"wp-block-columns is-layout-flex wp-container-core-columns-is-layout-28f84493 wp-block-columns-is-layout-flex\">\n<div class=\"wp-block-column is-layout-flow wp-block-column-is-layout-flow\">\n<div class=\"wp-block-essential-blocks-icon  root-eb-icon-j8244\"><div class=\"eb-parent-wrapper eb-parent-eb-icon-j8244\"><div class=\"eb-icon-wrapper eb-icon-j8244 eb-icon-view-default\" data-id=\"eb-icon-j8244\"><div class=\"eb-icon-container\"><i icon=\"far fa-check-circle\" class=\"far fa-check-circle\"><\/i><\/div><\/div><\/div><\/div>\n\n\n\n<h3 class=\"wp-block-heading has-text-align-center has-background has-small-font-size\" style=\"background-color:#edebea\"><em>Senden Sie eine Nachricht<\/em><\/h3>\n\n\n\n<p class=\"has-text-align-left\">Schreiben Sie uns und sehen Sie, ob wir gemeinsam etwas Au\u00dfergew\u00f6hnliches schaffen k\u00f6nnen. Nutzen Sie das Formular im Kontakt-Tab, um zu pr\u00fcfen, ob wir einen freien Termin haben und um sich \u00fcber unser Angebot zu informieren.<\/p>\n\n\n\n<div class=\"wp-block-essential-blocks-button root-eb-button-dlx46\"><div class=\"eb-parent-wrapper eb-parent-eb-button-dlx46\"><div class=\"eb-button-wrapper eb-button-alignment eb-button-dlx46\"><div class=\"eb-button\"><div class=\"eb-button-inner-wrapper\"><a class=\"eb-button-anchor\" href=\"https:\/\/zaradny-photography.com\/de\/kontakt\/\" rel=\"noopener\">Kontakt <\/a><\/div><\/div><\/div><\/div><\/div>\n<\/div>\n\n\n\n<div class=\"wp-block-column is-layout-flow wp-block-column-is-layout-flow\">\n<div class=\"wp-block-essential-blocks-icon  root-eb-icon-f2mho\"><div class=\"eb-parent-wrapper eb-parent-eb-icon-f2mho\"><div class=\"eb-icon-wrapper eb-icon-f2mho eb-icon-view-default\" data-id=\"eb-icon-f2mho\"><div class=\"eb-icon-container\"><i icon=\"far fa-check-circle\" class=\"far fa-check-circle\"><\/i><\/div><\/div><\/div><\/div>\n\n\n\n<h3 class=\"wp-block-heading has-text-align-center has-background has-small-font-size\" style=\"background-color:#edebea\"><em>Treffen<\/em> <\/h3>\n\n\n\n<p class=\"has-text-align-left\">Wenn Ihnen unser Angebot gef\u00e4llt, z\u00f6gern Sie nicht einen Moment, uns kennenzulernen. Wir laden Sie zu einem Kennenlernen bei einem guten Kaffee ein, k\u00f6nnen aber auch online ein Treffen vereinbaren. Wir glauben, dass ein Gespr\u00e4ch der beste Weg ist, eine andere Person kennenzulernen und herauszufinden, ob wir die gleiche Stimmung versp\u00fcren<\/p>\n<\/div>\n\n\n\n<div class=\"wp-block-column is-layout-flow wp-block-column-is-layout-flow\">\n<div class=\"wp-block-essential-blocks-icon  root-eb-icon-wi5gu\"><div class=\"eb-parent-wrapper eb-parent-eb-icon-wi5gu\"><div class=\"eb-icon-wrapper eb-icon-wi5gu eb-icon-view-default\" data-id=\"eb-icon-wi5gu\"><div class=\"eb-icon-container\"><i icon=\"far fa-check-circle\" class=\"far fa-check-circle\"><\/i><\/div><\/div><\/div><\/div>\n\n\n\n<h3 class=\"wp-block-heading has-background has-small-font-size\" style=\"background-color:#edebea\"><em>Vertragsunterzeichnung<\/em><\/h3>\n\n\n\n<p>Wenn Sie das Gef\u00fchl haben, dass wir die Ehre haben, Sie an Ihrem besonderen Tag zu begleiten, lassen Sie es uns unbedingt wissen. Wir werden einen Vertrag unterzeichnen und einen Termin f\u00fcr Sie bei 100% reservieren<\/p>\n<\/div>\n<\/div>\n\n\n\n<div class=\"wp-block-group alignfull has-base-2-background-color has-background has-global-padding is-layout-constrained wp-container-core-group-is-layout-669513ed wp-block-group-is-layout-constrained\" style=\"margin-top:0;margin-bottom:0;padding-top:var(--wp--preset--spacing--50);padding-right:var(--wp--preset--spacing--50);padding-bottom:var(--wp--preset--spacing--50);padding-left:var(--wp--preset--spacing--50)\">\n<h2 class=\"wp-block-heading has-text-align-center is-style-asterisk has-background\" style=\"background-color:#edebea\">Antworten auf h\u00e4ufig gestellte Fragen<\/h2>\n\n\n\n<div class=\"wp-block-group is-vertical is-content-justification-center is-layout-flex wp-container-core-group-is-layout-52b864f0 wp-block-group-is-layout-flex\">\n<div style=\"height:0px\" aria-hidden=\"true\" class=\"wp-block-spacer wp-container-content-4f2ccadb\"><\/div>\n\n\n\n<p class=\"has-text-align-center\">Wenn Sie Fragen haben, die unten nicht beantwortet werden, k\u00f6nnen Sie uns gerne schreiben. Wir beantworten gerne alles.  <\/p>\n<\/div>\n\n\n\n<div style=\"margin-top:0;margin-bottom:0;height:var(--wp--preset--spacing--40)\" aria-hidden=\"true\" class=\"wp-block-spacer\"><\/div>\n\n\n\n<div class=\"wp-block-columns alignwide is-layout-flex wp-container-core-columns-is-layout-d0bbbce0 wp-block-columns-is-layout-flex\">\n<div class=\"wp-block-column is-layout-flow wp-container-core-column-is-layout-e3d1c41b wp-block-column-is-layout-flow\">\n<h3 class=\"wp-block-heading has-text-align-left is-style-asterisk has-body-font-family has-medium-font-size\" style=\"font-style:normal;font-weight:600\">Arbeiten Sie in ganz Polen?<\/h3>\n\n\n\n<p class=\"has-text-align-left\">Ja, wir arbeiten in ganz Polen und Deutschland, aber wenn Sie eine Idee f\u00fcr eine Hochzeit oder Outdoor-Session an einem anderen Ort haben, machen Sie sich keine Sorgen. Wir kommen oder fliegen dorthin, wo Sie hin m\u00fcssen.<\/p>\n<\/div>\n\n\n\n<div class=\"wp-block-column is-layout-flow wp-container-core-column-is-layout-e3d1c41b wp-block-column-is-layout-flow\">\n<h3 class=\"wp-block-heading has-text-align-left is-style-asterisk has-body-font-family has-medium-font-size\" style=\"font-style:normal;font-weight:600\">Wie lange dauert es, bis ich Fotos\/Videos erhalte?<\/h3>\n\n\n\n<p class=\"has-text-align-left\">Die Einsendefrist f\u00fcr Fotos betr\u00e4gt 3 Monate, f\u00fcr den Film 5 Monate. Aber keine Sorge. Wir versuchen immer, Ihnen direkt nach Ihrer Hochzeit einen kleinen Vorgeschmack auf das Material zu schicken. Manchmal versenden wir das gesamte Fotomaterial eine Woche nach der Hochzeit \u2013 insbesondere zu Beginn der Hochzeitssaison :)<\/p>\n<\/div>\n\n\n\n<div class=\"wp-block-column is-layout-flow wp-container-core-column-is-layout-e3d1c41b wp-block-column-is-layout-flow\">\n<h3 class=\"wp-block-heading has-text-align-left is-style-asterisk has-body-font-family has-medium-font-size\" style=\"font-style:normal;font-weight:600\">Verarbeiten Sie Fotos\/Videos in Farbe? <\/h3>\n\n\n\n<p class=\"has-text-align-left\">Nat\u00fcrlich! Nach der Auswahl der besten Aufnahmen wird jedes Foto farbig und ggf. grafisch bearbeitet. Wir kolorieren die Filmbilder vom Anfang bis zum Ende. <\/p>\n<\/div>\n<\/div>\n\n\n\n<div class=\"wp-block-columns alignwide is-layout-flex wp-container-core-columns-is-layout-d0bbbce0 wp-block-columns-is-layout-flex\">\n<div class=\"wp-block-column is-layout-flow wp-container-core-column-is-layout-e3d1c41b wp-block-column-is-layout-flow\">\n<h3 class=\"wp-block-heading has-text-align-left is-style-asterisk has-body-font-family has-medium-font-size\" style=\"font-style:normal;font-weight:600\">Was bekommen wir?<\/h3>\n\n\n\n<p class=\"has-text-align-left\"><strong>Fotos <\/strong>Wir geben sie in elektronischer Form zur\u00fcck, zun\u00e4chst in einer Online-Galerie mit Passwort, das Sie an G\u00e4ste senden und Ihre Erinnerungen teilen k\u00f6nnen. Am Ende des Projekts geben wir Ihre auf einem Pendrive aufgenommenen Fotos zur\u00fcck. Sie erhalten von uns au\u00dferdem ein wundersch\u00f6nes Album (30\/30 cm), das im Preis der Dienstleistung enthalten ist. SIE w\u00e4hlen die Fotos f\u00fcr das Album aus, denn es ist Ihr Andenken und wir m\u00f6chten, dass Sie Ihre Lieblingsaufnahmen ausw\u00e4hlen.<\/p>\n\n\n\n<p><strong>Film<\/strong> Wir verschenken es auf einem personalisierten Pendrive, plus einen Link zum Online-Download des Films. Nachdem Sie die erste Version eingereicht haben, k\u00f6nnen Sie bei Bedarf einige \u00c4nderungen vornehmen. <\/p>\n<\/div>\n\n\n\n<div class=\"wp-block-column is-layout-flow wp-container-core-column-is-layout-e3d1c41b wp-block-column-is-layout-flow\">\n<h3 class=\"wp-block-heading has-text-align-left is-style-asterisk has-body-font-family has-medium-font-size\" style=\"font-style:normal;font-weight:600\">Wie lange arbeiten Sie an Ihrem Hochzeitstag?<\/h3>\n\n\n\n<p class=\"has-text-align-left\">Es liegt an Ihnen! Das Angebot wird individuell personalisiert. Normalerweise arbeiten wir von Ihren Vorbereitungen bis zum Ende der Zeremonie.<\/p>\n<\/div>\n\n\n\n<div class=\"wp-block-column is-layout-flow wp-container-core-column-is-layout-e3d1c41b wp-block-column-is-layout-flow\">\n<h3 class=\"wp-block-heading has-text-align-left is-style-asterisk has-body-font-family has-medium-font-size\" style=\"font-style:normal;font-weight:600\">Kann ich irgendwo alle Fotos und\/oder das gesamte Video sehen, das das Paar erh\u00e4lt?<\/h3>\n\n\n\n<p class=\"has-text-align-left\">Hell! Wir ver\u00f6ffentlichen nur ausgew\u00e4hlte Aufnahmen und Musikvideos auf der Website und in den sozialen Medien. Wenn Sie das gesamte Material sehen m\u00f6chten, schreiben Sie uns und wir stellen Ihnen eine Galerie mit der gesamten Reportage oder dem gesamten Film zur Verf\u00fcgung.<\/p>\n<\/div>\n<\/div>\n\n\n\n<div class=\"wp-block-columns alignwide is-layout-flex wp-container-core-columns-is-layout-d0bbbce0 wp-block-columns-is-layout-flex\">\n<div class=\"wp-block-column is-layout-flow wp-container-core-column-is-layout-e3d1c41b wp-block-column-is-layout-flow\">\n<h3 class=\"wp-block-heading has-text-align-left is-style-asterisk has-body-font-family has-medium-font-size\" style=\"font-style:normal;font-weight:600\">Ich wei\u00df nicht, wie ich posieren soll. Wirst du helfen?<\/h3>\n\n\n\n<p class=\"has-text-align-left\">Sie erz\u00e4hlen uns oft, dass die Menschen auf unseren Fotos wie professionelle Models seien. Lass dich nicht t\u00e4uschen! Meistens taten sie es auch zum ersten Mal in ihrem Leben. Wenn Sie sich vor der Kamera nicht wohl f\u00fchlen, m\u00fcssen Sie sich keine Sorgen machen. Wir werden Sie zwischen einem Gespr\u00e4ch und einem L\u00e4cheln einfangen. Wir sind hier, um die Liebe zwischen zwei nahestehenden Menschen zu fotografieren.&nbsp;<\/p>\n<\/div>\n\n\n\n<div class=\"wp-block-column is-layout-flow wp-container-core-column-is-layout-e3d1c41b wp-block-column-is-layout-flow\">\n<h3 class=\"wp-block-heading has-text-align-left is-style-asterisk has-body-font-family has-medium-font-size\" style=\"font-style:normal;font-weight:600\">Arbeiten Sie zu zweit oder alleine?<\/h3>\n\n\n\n<p class=\"has-text-align-left\">Wenn Sie sich f\u00fcr ein Paket mit nur Fotografie oder nur Film entscheiden, arbeiten wir alleine. Selbstverst\u00e4ndlich besteht auch die M\u00f6glichkeit, mit zwei Operatoren zu filmen. Wenn Sie sich jedoch f\u00fcr das Paket Foto + Video entscheiden, sind wir nat\u00fcrlich nur zu zweit. <\/p>\n<\/div>\n\n\n\n<div class=\"wp-block-column is-layout-flow wp-container-core-column-is-layout-e3d1c41b wp-block-column-is-layout-flow\">\n<h3 class=\"wp-block-heading has-text-align-left is-style-asterisk has-body-font-family has-medium-font-size\" style=\"font-style:normal;font-weight:600\">Machen Sie Gruppenfotos?<\/h3>\n\n\n\n<p class=\"has-text-align-left\">Nat\u00fcrlich!! Alle warten lange und bereiten sich sch\u00f6n darauf vor, ein Foto mit Ihnen zu machen. Zus\u00e4tzlich zum Gruppenfoto empfehlen wir Ihnen, eine Sitzung mit G\u00e4sten in kleineren Gruppen zu machen. Wenn Sie verr\u00fcckte Sessions mit Freunden m\u00f6gen, der Br\u00e4utigam keine Flugangst hat und Sie Lust haben, mit Rauchfackeln durch den Garten zu rennen, werden wir uns freuen. Wir lieben solche Fotos. <\/p>\n<\/div>\n<\/div>\n\n\n\n<div class=\"wp-block-columns alignwide is-layout-flex wp-container-core-columns-is-layout-d0bbbce0 wp-block-columns-is-layout-flex\">\n<div class=\"wp-block-column is-layout-flow wp-container-core-column-is-layout-e3d1c41b wp-block-column-is-layout-flow\">\n<h3 class=\"wp-block-heading has-text-align-left is-style-asterisk has-body-font-family has-medium-font-size\" style=\"font-style:normal;font-weight:600\">K\u00f6nnen wir den Vertrag online unterzeichnen?<\/h3>\n\n\n\n<p class=\"has-text-align-left\">Ja, wir k\u00f6nnen uns treffen und einen Vertrag unterzeichnen oder signierte Scans senden. <\/p>\n<\/div>\n\n\n\n<div class=\"wp-block-column is-layout-flow wp-container-core-column-is-layout-e3d1c41b wp-block-column-is-layout-flow\">\n<h3 class=\"wp-block-heading has-text-align-left is-style-asterisk has-body-font-family has-medium-font-size\" style=\"font-style:normal;font-weight:600\">K\u00f6nnen wir eine Sitzung im Ausland mit Ihnen machen?<\/h3>\n\n\n\n<p class=\"has-text-align-left\">Mit Vergn\u00fcgen! Solche Sitzungen f\u00fchren wir jedes Jahr durch. Und wir organisieren sie sogar selbst!! Wir buchen Fl\u00fcge oder Unterk\u00fcnfte, mieten ein Auto :)  <\/p>\n<\/div>\n\n\n\n<div class=\"wp-block-column is-layout-flow wp-container-core-column-is-layout-e3d1c41b wp-block-column-is-layout-flow\">\n<h3 class=\"wp-block-heading has-text-align-left is-style-asterisk has-body-font-family has-medium-font-size\" style=\"font-style:normal;font-weight:600\">Haben Sie interessante Orte im Freien f\u00fcr eine Sitzung nach der Hochzeit, weil wir keine Ahnung haben?<\/h3>\n\n\n\n<p class=\"has-text-align-left\">Seit 17 Jahren sammeln wir eine Datenbank mit den interessantesten Outdoor-Locations. Wir wissen genau, wann und zu welcher Jahreszeit wir an einem bestimmten Ort ankommen m\u00fcssen, damit das Licht am sch\u00f6nsten ist. Zuerst interviewen wir Sie. Was gef\u00e4llt dir, welche Atmosph\u00e4re magst du? Dann schlagen wir Ihnen einige interessante Orte vor und w\u00e4hlen gemeinsam bestimmte Orte aus :) <\/p>\n<\/div>\n<\/div>\n<\/div>\n\n\n\n<hr class=\"wp-block-separator alignfull has-alpha-channel-opacity is-style-wide\"\/>\n\n\n\n<div class=\"wp-block-media-text alignfull is-stacked-on-mobile is-vertically-aligned-center is-image-fill\" style=\"grid-template-columns:56% auto\"><figure class=\"wp-block-media-text__media\" style=\"background-image:url(http:\/\/zaradny-photography.com\/wp-content\/uploads\/2024\/10\/Zaradny-Photography-Film-plener-2024-165.jpg);background-position:50% 50%\"><img loading=\"lazy\" decoding=\"async\" width=\"1024\" height=\"683\" src=\"http:\/\/zaradny-photography.com\/wp-content\/uploads\/2024\/10\/Zaradny-Photography-Film-plener-2024-165.jpg\" alt=\"\" class=\"wp-image-4305 size-full\" srcset=\"https:\/\/zaradny-photography.com\/wp-content\/uploads\/2024\/10\/Zaradny-Photography-Film-plener-2024-165.jpg 1024w, https:\/\/zaradny-photography.com\/wp-content\/uploads\/2024\/10\/Zaradny-Photography-Film-plener-2024-165-300x200.jpg 300w, https:\/\/zaradny-photography.com\/wp-content\/uploads\/2024\/10\/Zaradny-Photography-Film-plener-2024-165-768x512.jpg 768w\" sizes=\"auto, (max-width: 1024px) 100vw, 1024px\" \/><\/figure><div class=\"wp-block-media-text__content\">\n<div class=\"wp-block-group alignwide is-layout-flow wp-block-group-is-layout-flow\" style=\"padding-top:var(--wp--preset--spacing--50);padding-bottom:var(--wp--preset--spacing--50)\">\n<div class=\"wp-block-columns is-layout-flex wp-container-core-columns-is-layout-633352e7 wp-block-columns-is-layout-flex\" style=\"padding-top:var(--wp--preset--spacing--10)\">\n<div class=\"wp-block-column is-layout-flow wp-block-column-is-layout-flow\" style=\"flex-basis:34.48%\">\n<div class=\"wp-block-columns is-not-stacked-on-mobile is-layout-flex wp-container-core-columns-is-layout-28f84493 wp-block-columns-is-layout-flex\">\n<div class=\"wp-block-column is-layout-flow wp-block-column-is-layout-flow\">\n<div class=\"wp-block-group is-vertical is-layout-flex wp-container-core-group-is-layout-ea0cb840 wp-block-group-is-layout-flex\">\n<h3 class=\"wp-block-heading has-text-align-center has-heading-font-family has-medium-font-size\">FOLGEN SIE UNS <\/h3>\n\n\n\n<p><a href=\"https:\/\/www.instagram.com\/zaradnyphotography\/\" data-type=\"link\" data-id=\"https:\/\/www.instagram.com\/zaradnyphotography_szczecin\/\">Instagram<\/a> \/ <a href=\"https:\/\/www.facebook.com\/zaradnyphotography\/\" data-type=\"link\" data-id=\"https:\/\/www.facebook.com\/zaradnyphotography\/\">Facebook<\/a><\/p>\n<\/div>\n<\/div>\n<\/div>\n<\/div>\n<\/div>\n\n\n\n<hr class=\"wp-block-separator has-alpha-channel-opacity is-style-wide\"\/>\n\n\n\n<h3 class=\"wp-block-heading has-heading-font-family has-large-font-size\">Gef\u00e4llt es dir?<\/h3>\n\n\n\n<p>Klicken Sie unten, um mit uns Kontakt aufzunehmen!<\/p>\n\n\n\n<div class=\"wp-block-buttons is-layout-flex wp-block-buttons-is-layout-flex\">\n<div class=\"wp-block-button\"><a class=\"wp-block-button__link wp-element-button\" href=\"https:\/\/zaradny-photography.com\/de\/kontakt\/\">KONTAKT<\/a><\/div>\n<\/div>\n<\/div>\n<\/div><\/div>\n\n\n\n<hr class=\"wp-block-separator alignfull has-alpha-channel-opacity is-style-wide\"\/>\n\n\n\n<p><\/p>","protected":false},"excerpt":{"rendered":"<p>OFERTA &amp; FAQ Witamy w miejscu, gdzie wszystkie Twoje pytania spotykaj\u0105 si\u0119 z odpowiedziami. Stworzyli\u015bmy t\u0119 stron\u0119 specjalnie dla Ciebie \u2013 aby poprowadzi\u0107 Ci\u0119 przez wyb\u00f3r fotografa i filmowca, odpowiedzie\u0107 na Twoje pytania i da\u0107 informacje, kt\u00f3re sprawi\u0105 by Tw\u00f3j Dzie\u0144 \u015alubu by\u0142 niezapomniany. Czym si\u0119 zajmujemy? FOTOGRAFIA \u015aLUBNA Chcieliby\u015bmy, \u017ceby zdj\u0119cia \u015blubne sta\u0142y si\u0119 [&hellip;]<\/p>\n","protected":false},"author":1,"featured_media":0,"parent":0,"menu_order":0,"comment_status":"closed","ping_status":"closed","template":"","meta":{"_eb_attr":"","footnotes":""},"class_list":["post-3382","page","type-page","status-publish","hentry"],"_links":{"self":[{"href":"https:\/\/zaradny-photography.com\/de\/wp-json\/wp\/v2\/pages\/3382","targetHints":{"allow":["GET"]}}],"collection":[{"href":"https:\/\/zaradny-photography.com\/de\/wp-json\/wp\/v2\/pages"}],"about":[{"href":"https:\/\/zaradny-photography.com\/de\/wp-json\/wp\/v2\/types\/page"}],"author":[{"embeddable":true,"href":"https:\/\/zaradny-photography.com\/de\/wp-json\/wp\/v2\/users\/1"}],"replies":[{"embeddable":true,"href":"https:\/\/zaradny-photography.com\/de\/wp-json\/wp\/v2\/comments?post=3382"}],"version-history":[{"count":31,"href":"https:\/\/zaradny-photography.com\/de\/wp-json\/wp\/v2\/pages\/3382\/revisions"}],"predecessor-version":[{"id":4566,"href":"https:\/\/zaradny-photography.com\/de\/wp-json\/wp\/v2\/pages\/3382\/revisions\/4566"}],"wp:attachment":[{"href":"https:\/\/zaradny-photography.com\/de\/wp-json\/wp\/v2\/media?parent=3382"}],"curies":[{"name":"wp","href":"https:\/\/api.w.org\/{rel}","templated":true}]}}