{"id":68,"date":"2023-01-20T10:45:51","date_gmt":"2023-01-20T10:45:51","guid":{"rendered":"http:\/\/zaradny-photography.com\/?page_id=68"},"modified":"2025-01-08T10:50:32","modified_gmt":"2025-01-08T10:50:32","slug":"home","status":"publish","type":"page","link":"https:\/\/zaradny-photography.com\/de\/","title":{"rendered":"Heim"},"content":{"rendered":"\n<div class=\"wp-block-group alignfull has-global-padding is-layout-constrained wp-block-group-is-layout-constrained\">\n<div class=\"wp-block-essential-blocks-slider alignwide  root-eb-slider-7g3d8ng\"><div class=\"eb-parent-wrapper eb-parent-eb-slider-7g3d8ng \"><div class=\"eb-slider-wrapper eb-slider-7g3d8ng\" data-blockid=\"eb-slider-7g3d8ng\" data-version=\"v3\" data-settings=\"eyJhcnJvd3MiOnRydWUsImFkYXB0aXZlSGVpZ2h0Ijp0cnVlLCJhdXRvcGxheSI6dHJ1ZSwiYXV0b3BsYXlTcGVlZCI6MjA0MCwiZG90cyI6dHJ1ZSwiZmFkZSI6ZmFsc2UsImluZmluaXRlIjp0cnVlLCJwYXVzZU9uSG92ZXIiOnRydWUsInNsaWRlc1RvU2hvdyI6MSwic3BlZWQiOjI4MiwidmVydGljYWwiOmZhbHNlLCJjdXJyZW50U2xpZGUiOjAsInJ0bCI6ZmFsc2UsInJlc3BvbnNpdmUiOlt7ImJyZWFrcG9pbnQiOjEwMjUsInNldHRpbmdzIjp7InNsaWRlc1RvU2hvdyI6MX19LHsiYnJlYWtwb2ludCI6NzY3LCJzZXR0aW5ncyI6eyJzbGlkZXNUb1Nob3ciOjF9fV19\" data-arrownexticon=\"fas fa-chevron-right\" data-arrowprevicon=\"fas fa-chevron-left\" data-lightbox=\"false\"><div class=\"eb-slider-init eb-slider-type-image\"><div class=\"eb-slider-item content-1\" data-src=\"http:\/\/zaradny-photography.com\/wp-content\/uploads\/2024\/10\/Zaradny-Photography-Film-plener-2024-45-1.jpg\"><div><img decoding=\"async\" class=\"eb-slider-image\" src=\"http:\/\/zaradny-photography.com\/wp-content\/uploads\/2024\/10\/Zaradny-Photography-Film-plener-2024-45-1.jpg\"\/><\/div><\/div><div class=\"eb-slider-item content-1\" data-src=\"http:\/\/zaradny-photography.com\/wp-content\/uploads\/2023\/01\/9-Slider-Zaradny-Photography-2-scaled.jpg\"><div><img decoding=\"async\" class=\"eb-slider-image\" src=\"http:\/\/zaradny-photography.com\/wp-content\/uploads\/2023\/01\/9-Slider-Zaradny-Photography-2-scaled.jpg\"\/><\/div><\/div><div class=\"eb-slider-item content-1\" data-src=\"http:\/\/zaradny-photography.com\/wp-content\/uploads\/2023\/01\/6-Slider-Zaradny-Photography-JK.jpg\"><div><img decoding=\"async\" class=\"eb-slider-image\" src=\"http:\/\/zaradny-photography.com\/wp-content\/uploads\/2023\/01\/6-Slider-Zaradny-Photography-JK.jpg\"\/><\/div><\/div><div class=\"eb-slider-item content-1\" data-src=\"http:\/\/zaradny-photography.com\/wp-content\/uploads\/2024\/10\/Zaradny-Photography-Film-plener-2024-37-1.jpg\"><div><img decoding=\"async\" class=\"eb-slider-image\" src=\"http:\/\/zaradny-photography.com\/wp-content\/uploads\/2024\/10\/Zaradny-Photography-Film-plener-2024-37-1.jpg\"\/><\/div><\/div><div class=\"eb-slider-item content-1\" data-src=\"http:\/\/zaradny-photography.com\/wp-content\/uploads\/2024\/10\/Zaradny-Photography-Film-plener-2024-79-1.jpg\"><div><img decoding=\"async\" class=\"eb-slider-image\" src=\"http:\/\/zaradny-photography.com\/wp-content\/uploads\/2024\/10\/Zaradny-Photography-Film-plener-2024-79-1.jpg\"\/><\/div><\/div><div class=\"eb-slider-item content-1\" data-src=\"http:\/\/zaradny-photography.com\/wp-content\/uploads\/2024\/10\/Zaradny-Photography-Film-plener-2024-108-1.jpg\"><div><img decoding=\"async\" class=\"eb-slider-image\" src=\"http:\/\/zaradny-photography.com\/wp-content\/uploads\/2024\/10\/Zaradny-Photography-Film-plener-2024-108-1.jpg\"\/><\/div><\/div><div class=\"eb-slider-item content-1\" data-src=\"http:\/\/zaradny-photography.com\/wp-content\/uploads\/2024\/10\/Zaradny-Photography-Film-plener-2024-164-1.jpg\"><div><img decoding=\"async\" class=\"eb-slider-image\" src=\"http:\/\/zaradny-photography.com\/wp-content\/uploads\/2024\/10\/Zaradny-Photography-Film-plener-2024-164-1.jpg\"\/><\/div><\/div><div class=\"eb-slider-item content-1\" data-src=\"http:\/\/zaradny-photography.com\/wp-content\/uploads\/2024\/10\/Zaradny-Photography-Film-plener-2024-194-1.jpg\"><div><img decoding=\"async\" class=\"eb-slider-image\" src=\"http:\/\/zaradny-photography.com\/wp-content\/uploads\/2024\/10\/Zaradny-Photography-Film-plener-2024-194-1.jpg\"\/><\/div><\/div><\/div><\/div><\/div><\/div>\n<\/div>\n\n\n\n<h2 class=\"wp-block-heading has-text-align-center has-large-font-size\">Witaj na naszej stronie. Cieszymy si\u0119 \u017ce tu jeste\u015b.<\/h2>\n\n\n\n<h2 class=\"wp-block-heading alignwide has-text-align-center has-large-font-size\">Czym si\u0119 zajmujemy?<\/h2>\n\n\n\n<p class=\"has-text-align-left\">Fotografia \u015blubna jest na pierwszym miejscu. Specjalizujemy si\u0119 przede wszystkim w reporta\u017cu \u015blubnym oraz sesjach plenerowych. Nasz\u0105 drug\u0105 mi\u0142o\u015bci\u0105 sta\u0142 si\u0119 obraz ruchomy \u2013 film \u015blubny oraz teledysk \u015blubny. Od roku 2021 tworzymy r\u00f3wnie\u017c dla Was nowoczesne filmy \u015blubne przepe\u0142nione Wasz\u0105 blisko\u015bci\u0105 i naturalno\u015bci\u0105. &nbsp;Naszymi modelami jeste\u015bcie Wy, a nasz\u0105 pracowni\u0105 jest \u015bwiat. Znajdujemy inspiracj\u0119 w Was i Waszych rodzinach, w tych niewielkich gestach, dyskretnych spojrzeniach, rado\u015bci, wzruszeniach, \u015bmiechu i \u0142zach\u2026 to jest to czego szukamy podczas wykonywania zdj\u0119\u0107. <\/p>\n\n\n\n<p class=\"has-text-align-left\">Fotograf \u015blubny upami\u0119tniaj\u0105cy Wasz niezwyk\u0142y dzie\u0144 powinien by\u0107 wybrany w rozwa\u017cny spos\u00f3b. To w\u0142a\u015bnie on jest odpowiedzialny za zebranie tych wszystkich emocji, aby zdj\u0119cia wyra\u017ca\u0142y przede wszystkim Was, Wasze emocje i to co dla Was wa\u017cne.<\/p>\n\n\n\n<h2 class=\"wp-block-heading has-text-align-center has-large-font-size\">Zobacz wybrane historie<\/h2>\n\n\n<div class=\"root-eb-post-carousel-zbw1a alignfull wp-block-essential-blocks-post-carousel\">\n    <div class=\"eb-parent-wrapper eb-parent-eb-post-carousel-zbw1a \">\n        <div class=\"eb-post-carousel-zbw1a style-4 arrow-none equal-height dot-style-1 eb-post-carousel-wrapper\"\n            data-id=\"eb-post-carousel-zbw1a\"\n            data-querydata=\"a:13:{s:6:&quot;source&quot;;s:4:&quot;post&quot;;s:11:&quot;sourceIndex&quot;;i:0;s:9:&quot;rest_base&quot;;s:5:&quot;posts&quot;;s:14:&quot;rest_namespace&quot;;s:5:&quot;wp\/v2&quot;;s:6:&quot;author&quot;;s:0:&quot;&quot;;s:10:&quot;taxonomies&quot;;a:0:{}s:8:&quot;per_page&quot;;s:1:&quot;6&quot;;s:6:&quot;offset&quot;;s:1:&quot;0&quot;;s:7:&quot;orderby&quot;;s:4:&quot;date&quot;;s:5:&quot;order&quot;;s:4:&quot;desc&quot;;s:7:&quot;include&quot;;s:0:&quot;&quot;;s:7:&quot;exclude&quot;;s:0:&quot;&quot;;s:15:&quot;exclude_current&quot;;b:0;}\"\n            data-slidersettings=\"{&quot;arrows&quot;:false,&quot;dots&quot;:true,&quot;autoplaySpeed&quot;:3000,&quot;speed&quot;:500,&quot;adaptiveHeight&quot;:true,&quot;autoplay&quot;:true,&quot;infinite&quot;:true,&quot;pauseOnHover&quot;:true,&quot;slideToShowRange&quot;:3,&quot;leftArrowIcon&quot;:&quot;fas fa-caret-left&quot;,&quot;rightArrowIcon&quot;:&quot;fas fa-caret-right&quot;,&quot;addIcon&quot;:false,&quot;showFallbackImg&quot;:false,&quot;fallbackImgUrl&quot;:&quot;&quot;,&quot;isRTLEnable&quot;:false,&quot;TABslideToShowRange&quot;:2,&quot;MOBslideToShowRange&quot;:1}\"\n            data-attributes=\"{&quot;preset&quot;:&quot;style-4&quot;,&quot;showThumbnail&quot;:true,&quot;showTitle&quot;:true,&quot;titleLength&quot;:&quot;10&quot;,&quot;titleTag&quot;:&quot;h2&quot;,&quot;showContent&quot;:false,&quot;contentLength&quot;:20,&quot;expansionIndicator&quot;:&quot;...&quot;,&quot;showReadMore&quot;:false,&quot;readmoreText&quot;:&quot;Read More&quot;,&quot;showMeta&quot;:false,&quot;headerMeta&quot;:&quot;[{\\&quot;value\\&quot;:\\&quot;avatar\\&quot;,\\&quot;label\\&quot;:\\&quot;Author Avatar\\&quot;}]&quot;,&quot;footerMeta&quot;:&quot;[{\\&quot;value\\&quot;:\\&quot;date\\&quot;,\\&quot;label\\&quot;:\\&quot;Published Date\\&quot;}]&quot;,&quot;authorPrefix&quot;:&quot;by&quot;,&quot;datePrefix&quot;:&quot;on&quot;,&quot;showBlockContent&quot;:true,&quot;showFeaturedPost&quot;:false,&quot;featuredPostId&quot;:&quot;&quot;,&quot;showFeaturedPostTitle&quot;:true,&quot;showFeaturedPostContent&quot;:false,&quot;showFeaturedPostMeta&quot;:true,&quot;showFeaturedHeaderMeta&quot;:true,&quot;showFeaturedFooterMeta&quot;:true,&quot;featuredMetaItems&quot;:&quot;{}&quot;,&quot;featuredExcerptLength&quot;:10,&quot;leftArrowIcon&quot;:&quot;fas fa-caret-left&quot;,&quot;rightArrowIcon&quot;:&quot;fas fa-caret-right&quot;,&quot;showFallbackImg&quot;:false,&quot;isRTLEnable&quot;:false}\">\n\n            <div class=\"eb-post-carousel init-eb-post-carousel-zbw1a\"\n                data-id=\"eb-post-carousel-zbw1a\">\n                <article class=\"ebpg-carousel-post ebpg-post-carousel-column\" data-id=\"1161\"><div class=\"ebpg-carousel-post-holder\"><a class=\"ebpg-post-link-wrapper eb-sr-only\" href=\"https:\/\/zaradny-photography.com\/de\/wiktoria-krystian\/\">Wiktoria &amp; Krystian | Stary Folwark w Ustowie | Poczdam<\/a><div class=\"ebpg-entry-media\">\n                <div class=\"ebpg-entry-thumbnail\">\n                    \n                    <img loading=\"lazy\" decoding=\"async\" width=\"1024\" height=\"683\" src=\"https:\/\/zaradny-photography.com\/wp-content\/uploads\/2024\/10\/Zaradny-Photography-Film-WiK-192.jpg\" class=\"attachment-full size-full\" alt=\"\" \/>\n                <\/div>\n            <\/div><div class=\"ebpg-entry-wrapper\"><header class=\"ebpg-entry-header\">\n            <h2 class=\"ebpg-entry-title\">\n                <a class=\"ebpg-carousel-post-link\" href=\"https:\/\/zaradny-photography.com\/de\/wiktoria-krystian\/\" title=\"wiktoriaampkrystianstaryfolwarkwustowiepoczdam\">Wiktoria &amp; Krystian | Stary Folwark w Ustowie | Poczdam<\/a>\n            <\/h2>\n        <\/header><\/div><\/div><\/article><article class=\"ebpg-carousel-post ebpg-post-carousel-column\" data-id=\"1159\"><div class=\"ebpg-carousel-post-holder\"><a class=\"ebpg-post-link-wrapper eb-sr-only\" href=\"https:\/\/zaradny-photography.com\/de\/12-2\/\">Karolina &amp; Micha\u0142 | JF Duet | Czarnog\u00f3ra<\/a><div class=\"ebpg-entry-media\">\n                <div class=\"ebpg-entry-thumbnail\">\n                    \n                    <img loading=\"lazy\" decoding=\"async\" width=\"1024\" height=\"683\" src=\"https:\/\/zaradny-photography.com\/wp-content\/uploads\/2024\/10\/Zaradny-Photography-Film-MiK-135.jpg\" class=\"attachment-full size-full\" alt=\"\" \/>\n                <\/div>\n            <\/div><div class=\"ebpg-entry-wrapper\"><header class=\"ebpg-entry-header\">\n            <h2 class=\"ebpg-entry-title\">\n                <a class=\"ebpg-carousel-post-link\" href=\"https:\/\/zaradny-photography.com\/de\/12-2\/\" title=\"karolinaampmichajfduetczarnogra\">Karolina &amp; Micha\u0142 | JF Duet | Czarnog\u00f3ra<\/a>\n            <\/h2>\n        <\/header><\/div><\/div><\/article><article class=\"ebpg-carousel-post ebpg-post-carousel-column\" data-id=\"1157\"><div class=\"ebpg-carousel-post-holder\"><a class=\"ebpg-post-link-wrapper eb-sr-only\" href=\"https:\/\/zaradny-photography.com\/de\/11-3\/\">Ola &amp; Przemek | Trzy Korony Bobolice<\/a><div class=\"ebpg-entry-media\">\n                <div class=\"ebpg-entry-thumbnail\">\n                    \n                    <img loading=\"lazy\" decoding=\"async\" width=\"1800\" height=\"1200\" src=\"https:\/\/zaradny-photography.com\/wp-content\/uploads\/2024\/10\/Zaradny-Photography-Film-OiP-29.jpg\" class=\"attachment-full size-full\" alt=\"\" \/>\n                <\/div>\n            <\/div><div class=\"ebpg-entry-wrapper\"><header class=\"ebpg-entry-header\">\n            <h2 class=\"ebpg-entry-title\">\n                <a class=\"ebpg-carousel-post-link\" href=\"https:\/\/zaradny-photography.com\/de\/11-3\/\" title=\"olaampprzemektrzykoronybobolice\">Ola &amp; Przemek | Trzy Korony Bobolice<\/a>\n            <\/h2>\n        <\/header><\/div><\/div><\/article><article class=\"ebpg-carousel-post ebpg-post-carousel-column\" data-id=\"1155\"><div class=\"ebpg-carousel-post-holder\"><a class=\"ebpg-post-link-wrapper eb-sr-only\" href=\"https:\/\/zaradny-photography.com\/de\/10-2\/\">Marta &amp; Piotr | Willa Polanka<\/a><div class=\"ebpg-entry-media\">\n                <div class=\"ebpg-entry-thumbnail\">\n                    \n                    <img loading=\"lazy\" decoding=\"async\" width=\"1024\" height=\"682\" src=\"https:\/\/zaradny-photography.com\/wp-content\/uploads\/2024\/10\/Zaradny-Photography-Film-MiP-176.jpg\" class=\"attachment-full size-full\" alt=\"\" \/>\n                <\/div>\n            <\/div><div class=\"ebpg-entry-wrapper\"><header class=\"ebpg-entry-header\">\n            <h2 class=\"ebpg-entry-title\">\n                <a class=\"ebpg-carousel-post-link\" href=\"https:\/\/zaradny-photography.com\/de\/10-2\/\" title=\"martaamppiotrwillapolanka\">Marta &amp; Piotr | Willa Polanka<\/a>\n            <\/h2>\n        <\/header><\/div><\/div><\/article><article class=\"ebpg-carousel-post ebpg-post-carousel-column\" data-id=\"1153\"><div class=\"ebpg-carousel-post-holder\"><a class=\"ebpg-post-link-wrapper eb-sr-only\" href=\"https:\/\/zaradny-photography.com\/de\/8-2\/\">Wiktoria &amp; Rafa\u0142 | Karczma Jana | Morze Ba\u0142tyckie<\/a><div class=\"ebpg-entry-media\">\n                <div class=\"ebpg-entry-thumbnail\">\n                    \n                    <img loading=\"lazy\" decoding=\"async\" width=\"1800\" height=\"1200\" src=\"https:\/\/zaradny-photography.com\/wp-content\/uploads\/2024\/10\/Zaradny-Photography-Film-WiR-28.jpg\" class=\"attachment-full size-full\" alt=\"\" \/>\n                <\/div>\n            <\/div><div class=\"ebpg-entry-wrapper\"><header class=\"ebpg-entry-header\">\n            <h2 class=\"ebpg-entry-title\">\n                <a class=\"ebpg-carousel-post-link\" href=\"https:\/\/zaradny-photography.com\/de\/8-2\/\" title=\"wiktoriaamprafakarczmajanamorzebatyckie\">Wiktoria &amp; Rafa\u0142 | Karczma Jana | Morze Ba\u0142tyckie<\/a>\n            <\/h2>\n        <\/header><\/div><\/div><\/article><article class=\"ebpg-carousel-post ebpg-post-carousel-column\" data-id=\"1151\"><div class=\"ebpg-carousel-post-holder\"><a class=\"ebpg-post-link-wrapper eb-sr-only\" href=\"https:\/\/zaradny-photography.com\/de\/9-2\/\">Marta &amp; Kryspin | Ranczo Radzicz | Poczdam<\/a><div class=\"ebpg-entry-media\">\n                <div class=\"ebpg-entry-thumbnail\">\n                    \n                    <img loading=\"lazy\" decoding=\"async\" width=\"1800\" height=\"1200\" src=\"https:\/\/zaradny-photography.com\/wp-content\/uploads\/2024\/10\/Zaradny-Photography-Film-MiK-179-1.jpg\" class=\"attachment-full size-full\" alt=\"\" \/>\n                <\/div>\n            <\/div><div class=\"ebpg-entry-wrapper\"><header class=\"ebpg-entry-header\">\n            <h2 class=\"ebpg-entry-title\">\n                <a class=\"ebpg-carousel-post-link\" href=\"https:\/\/zaradny-photography.com\/de\/9-2\/\" title=\"martaampkryspinranczoradziczpoczdam\">Marta &amp; Kryspin | Ranczo Radzicz | Poczdam<\/a>\n            <\/h2>\n        <\/header><\/div><\/div><\/article>            <\/div>\n        <\/div>\n    <\/div>\n<\/div>\n\n\n<div class=\"wp-block-group alignwide has-global-padding is-layout-constrained wp-block-group-is-layout-constrained\">\n<div class=\"wp-block-media-text alignwide is-stacked-on-mobile is-vertically-aligned-center\" style=\"grid-template-columns:34% auto\"><figure class=\"wp-block-media-text__media\"><img loading=\"lazy\" decoding=\"async\" width=\"682\" height=\"1024\" src=\"http:\/\/zaradny-photography.com\/wp-content\/uploads\/2024\/10\/20190519_155820-1-682x1024.jpg\" alt=\"\" class=\"wp-image-4406 size-full\" srcset=\"https:\/\/zaradny-photography.com\/wp-content\/uploads\/2024\/10\/20190519_155820-1-682x1024.jpg 682w, https:\/\/zaradny-photography.com\/wp-content\/uploads\/2024\/10\/20190519_155820-1-200x300.jpg 200w, https:\/\/zaradny-photography.com\/wp-content\/uploads\/2024\/10\/20190519_155820-1-768x1152.jpg 768w, https:\/\/zaradny-photography.com\/wp-content\/uploads\/2024\/10\/20190519_155820-1-1024x1536.jpg 1024w, https:\/\/zaradny-photography.com\/wp-content\/uploads\/2024\/10\/20190519_155820-1.jpg 1077w\" sizes=\"auto, (max-width: 682px) 100vw, 682px\" \/><\/figure><div class=\"wp-block-media-text__content\">\n<blockquote class=\"wp-block-quote has-small-font-size is-layout-flow wp-block-quote-is-layout-flow\">\n<h3 class=\"wp-block-heading has-text-align-center has-text-color has-large-font-size\" style=\"color:#000000\">Hej!<\/h3>\n\n\n\n<p class=\"has-text-align-center has-large-font-size\"> Nazywamy si\u0119 Faustyna &amp; Alan<\/p>\n<\/blockquote>\n\n\n\n<hr class=\"wp-block-separator has-alpha-channel-opacity is-style-dots\"\/>\n\n\n\n<p>Z przyjemno\u015bci\u0105 si\u0119 z Wami spotkamy przy kawie i pos\u0142uchamy o Waszych planach. B\u0119dzie nam niezwykle mi\u0142o je\u015bli b\u0119dziecie do nas m\u00f3wi\u0107 po imieniu.<\/p>\n\n\n\n<div class=\"wp-block-buttons is-content-justification-center is-layout-flex wp-container-core-buttons-is-layout-a89b3969 wp-block-buttons-is-layout-flex\">\n<div class=\"wp-block-button\"><a class=\"wp-block-button__link has-text-align-right wp-element-button\" href=\"https:\/\/zaradny-photography.com\/o-nas\/\">wi\u0119cej o nas<\/a><\/div>\n<\/div>\n\n\n\n<p class=\"has-text-align-center\">Mamy 17 letnie do\u015bwiadczenie w bran\u017cy \u015blubnej, za nami setki przepi\u0119knych historii. Od roku 2021 opr\u00f3cz fotografii opowiadamy Wasze historie r\u00f3wnie\u017c w filmach \u015blubnych. Pracujemy z lud\u017ami w pe\u0142nej swobodzie i przyja\u017ani. Jeste\u015bmy szcz\u0119\u015bliwcami, bo prac\u0119 wykonujemy w wyj\u0105tkowych okoliczno\u015bciach, kiedy jeste\u015bcie przepe\u0142nieni szcz\u0119\u015bciem. Nie ma takiego \u015blubu, \u017ceby te emocje nie wp\u0142ywa\u0142y na nas. W dniu \u015blubu Wasze szcz\u0119\u015bcie pod\u0105\u017ca za Nami. W pe\u0142nym luzie wczuwamy si\u0119 w klimat Waszej relacji, poznajemy Wasz\u0105 rodzin\u0119 i przyjaci\u00f3\u0142. Naszym zadaniem jest opowiedzenie osobistej historii ka\u017cdej pary, ka\u017cdej mi\u0142o\u015bci. Staramy si\u0119 podej\u015b\u0107 do ka\u017cdego indywidualnie obserwujemy Was \u0142apiemy kadry i niczego nie re\u017cyserujemy. Uczciwie poka\u017cemy to co zobaczyli\u015bmy \ud83d\ude42<\/p>\n<\/div><\/div>\n<\/div>\n\n\n\n<p class=\"has-text-align-center\">KILKA S\u0141\u00d3W OD WAS<\/p>\n\n\n\n<hr class=\"wp-block-separator has-alpha-channel-opacity is-style-wide\"\/>\n\n\n\n<div class=\"wp-block-columns alignwide is-layout-flex wp-container-core-columns-is-layout-28f84493 wp-block-columns-is-layout-flex\">\n<div class=\"wp-block-column is-layout-flow wp-block-column-is-layout-flow\" style=\"flex-basis:25%\">\n<figure class=\"wp-block-image aligncenter is-style-rounded is-style-rounded--1\"><img loading=\"lazy\" decoding=\"async\" width=\"1024\" height=\"683\" src=\"http:\/\/zaradny-photography.com\/wp-content\/uploads\/2024\/10\/Sabina-i-Mateusz-reportaz-283-1024x683.jpg\" alt=\"\" class=\"wp-image-4395\" srcset=\"https:\/\/zaradny-photography.com\/wp-content\/uploads\/2024\/10\/Sabina-i-Mateusz-reportaz-283-1024x683.jpg 1024w, https:\/\/zaradny-photography.com\/wp-content\/uploads\/2024\/10\/Sabina-i-Mateusz-reportaz-283-300x200.jpg 300w, https:\/\/zaradny-photography.com\/wp-content\/uploads\/2024\/10\/Sabina-i-Mateusz-reportaz-283-768x512.jpg 768w, https:\/\/zaradny-photography.com\/wp-content\/uploads\/2024\/10\/Sabina-i-Mateusz-reportaz-283-1536x1024.jpg 1536w, https:\/\/zaradny-photography.com\/wp-content\/uploads\/2024\/10\/Sabina-i-Mateusz-reportaz-283.jpg 1800w\" sizes=\"auto, (max-width: 1024px) 100vw, 1024px\" \/><\/figure>\n\n\n\n<blockquote class=\"wp-block-quote has-text-align-center has-small-font-size is-layout-flow wp-block-quote-is-layout-flow\">\n<p><\/p>\n\n\n\n<p class=\"has-small-font-size\">Towarzyszyli Nam podczas Naszego \u015alubu , wszystko by\u0142o dograne na ostatni guzik , bardzo profesjonalnie i na luzie super kontakt i mi\u0142a atmosfera , film, teledysk i zdj\u0119cia by\u0142y rewelacyjne z czystym sumieniem polecamy t\u0105 Par\u0119. Dzi\u0119kujemy bardzo ! <\/p>\n\n\n\n<p class=\"has-small-font-size\">Sabina i Mateusz &#x2764;&#xfe0f;<\/p>\n<\/blockquote>\n<\/div>\n\n\n\n<div class=\"wp-block-column is-layout-flow wp-block-column-is-layout-flow\" style=\"flex-basis:45%\">\n<figure class=\"wp-block-image aligncenter is-resized is-style-rounded is-style-rounded--2\"><img loading=\"lazy\" decoding=\"async\" width=\"1024\" height=\"683\" src=\"http:\/\/zaradny-photography.com\/wp-content\/uploads\/2024\/10\/Zaradny-Photography-Film-plener-2024-201.jpg\" alt=\"\" class=\"wp-image-4341\" style=\"width:559px;height:auto\" srcset=\"https:\/\/zaradny-photography.com\/wp-content\/uploads\/2024\/10\/Zaradny-Photography-Film-plener-2024-201.jpg 1024w, https:\/\/zaradny-photography.com\/wp-content\/uploads\/2024\/10\/Zaradny-Photography-Film-plener-2024-201-300x200.jpg 300w, https:\/\/zaradny-photography.com\/wp-content\/uploads\/2024\/10\/Zaradny-Photography-Film-plener-2024-201-768x512.jpg 768w\" sizes=\"auto, (max-width: 1024px) 100vw, 1024px\" \/><\/figure>\n\n\n\n<blockquote class=\"wp-block-quote has-small-font-size is-layout-flow wp-block-quote-is-layout-flow\">\n<p class=\"has-text-align-center\">Spotkali\u015bmy si\u0119 z kilkoma fotografami przed naszym \u015blubem. Alan trafi\u0142 do nas swoj\u0105 skromno\u015bci\u0105 i profesjonalizmem. Oferta bardzo spersonalizowana, m.in. znajdziemy pi\u0119kny album z miejscem na pendrive&#8217;a, wszystko w\u0142\u0105cznie z pendrive&#8217;em w tej samej szacie.<br>Zdj\u0119cia kt\u00f3re otrzymali\u015bmy przeros\u0142y nasze oczekiwania. Nawet laik dostrze\u017ce niesamowity kunszt, profesjonalizm i oko do pozazdroszczenia. Alan nie jest fotografem. Szukali\u015bmy artysty, kt\u00f3ry wydob\u0119dzie emocje i uka\u017ce to co niezauwa\u017calne.<br>Poza tym to co by\u0142o najwa\u017cniejsze, Alan by\u0142 niezauwa\u017calny, a na tym bardzo nam zale\u017ca\u0142o. W materiale, kt\u00f3ry otrzymali\u015bmy nie ma ani jednego zdj\u0119cia pozowanego. Czyste emocje, masa pozytywnej energii, a to nie ka\u017cdy potrafi uj\u0105\u0107. Polecamy z ca\u0142ego serca. Je\u017celi szukasz fotografa nie pukaj do tych drzwi. Je\u017celi szukasz artysty magika, ustawiaj si\u0119 w kolejce. <\/p>\n\n\n\n<p>Pawe\u0142 i Kasia &#x2764;&#xfe0f;<\/p>\n<\/blockquote>\n<\/div>\n\n\n\n<div class=\"wp-block-column is-vertically-aligned-stretch is-layout-flow wp-block-column-is-layout-flow\" style=\"flex-basis:25%\">\n<figure class=\"wp-block-image aligncenter is-style-rounded is-style-rounded--3\"><img loading=\"lazy\" decoding=\"async\" width=\"1024\" height=\"683\" src=\"http:\/\/zaradny-photography.com\/wp-content\/uploads\/2024\/10\/Zaradny-Photography-Film-WiR-155.jpg\" alt=\"\" class=\"wp-image-1893\" srcset=\"https:\/\/zaradny-photography.com\/wp-content\/uploads\/2024\/10\/Zaradny-Photography-Film-WiR-155.jpg 1024w, https:\/\/zaradny-photography.com\/wp-content\/uploads\/2024\/10\/Zaradny-Photography-Film-WiR-155-300x200.jpg 300w, https:\/\/zaradny-photography.com\/wp-content\/uploads\/2024\/10\/Zaradny-Photography-Film-WiR-155-768x512.jpg 768w\" sizes=\"auto, (max-width: 1024px) 100vw, 1024px\" \/><\/figure>\n\n\n\n<div class=\"wp-block-group is-nowrap is-layout-flex wp-container-core-group-is-layout-6c531013 wp-block-group-is-layout-flex\">\n<blockquote class=\"wp-block-quote is-layout-flow wp-block-quote-is-layout-flow\">\n<p class=\"has-text-align-center has-small-font-size\">Najlepszy wyb\u00f3r,to co Faustyna zrobi\u0142a przechodzi naj\u015bmielsze oczekiwania. Zbierali\u015bmy szcz\u0119k\u0119 z pod\u0142ogi ogl\u0105daj\u0105c fotki,  profesjonalizm i atmosfera pierwsza klasa. Ju\u017c wiemy, ze to nie ostatni raz kiedy skorzystamy z us\u0142ug,polecam ka\u017cdemu w 100000%! Nie zawiedziecie si\u0119,gwarantuje.<br>Jeszcze raz dzi\u0119kujemy z ca\u0142ego serca,<\/p>\n\n\n\n<p class=\"has-small-font-size\">Wiktoria i Rafa\u0142 &#x2764;&#xfe0f;<\/p>\n<\/blockquote>\n<\/div>\n<\/div>\n<\/div>\n\n\n\n<hr class=\"wp-block-separator alignfull has-alpha-channel-opacity is-style-wide\"\/>\n\n\n\n<div class=\"wp-block-cover alignfull is-light\"><span aria-hidden=\"true\" class=\"wp-block-cover__background has-base-background-color has-background-dim-100 has-background-dim\"><\/span><div class=\"wp-block-cover__inner-container is-layout-flow wp-block-cover-is-layout-flow\">\n<div class=\"wp-block-media-text alignwide is-stacked-on-mobile is-vertically-aligned-center is-image-fill-element\" style=\"grid-template-columns:56% auto\"><figure class=\"wp-block-media-text__media\"><img loading=\"lazy\" decoding=\"async\" width=\"1024\" height=\"683\" src=\"http:\/\/zaradny-photography.com\/wp-content\/uploads\/2024\/10\/Zaradny-Photography-Film-plener-2024-181.jpg\" alt=\"\" class=\"wp-image-4321 size-full\" style=\"object-position:55% 28%\" srcset=\"https:\/\/zaradny-photography.com\/wp-content\/uploads\/2024\/10\/Zaradny-Photography-Film-plener-2024-181.jpg 1024w, https:\/\/zaradny-photography.com\/wp-content\/uploads\/2024\/10\/Zaradny-Photography-Film-plener-2024-181-300x200.jpg 300w, https:\/\/zaradny-photography.com\/wp-content\/uploads\/2024\/10\/Zaradny-Photography-Film-plener-2024-181-768x512.jpg 768w\" sizes=\"auto, (max-width: 1024px) 100vw, 1024px\" \/><\/figure><div class=\"wp-block-media-text__content\">\n<div class=\"wp-block-group alignwide is-layout-flow wp-block-group-is-layout-flow\" style=\"padding-top:var(--wp--preset--spacing--50);padding-bottom:var(--wp--preset--spacing--50)\">\n<div class=\"wp-block-columns is-layout-flex wp-container-core-columns-is-layout-633352e7 wp-block-columns-is-layout-flex\" style=\"padding-top:var(--wp--preset--spacing--10)\">\n<div class=\"wp-block-column is-layout-flow wp-block-column-is-layout-flow\" style=\"flex-basis:34.48%\">\n<div class=\"wp-block-columns is-not-stacked-on-mobile is-layout-flex wp-container-core-columns-is-layout-28f84493 wp-block-columns-is-layout-flex\">\n<div class=\"wp-block-column is-layout-flow wp-block-column-is-layout-flow\">\n<div class=\"wp-block-group is-vertical is-layout-flex wp-container-core-group-is-layout-ea0cb840 wp-block-group-is-layout-flex\">\n<h3 class=\"wp-block-heading has-text-align-center has-heading-font-family has-medium-font-size\">OBSERWUJ NAS <\/h3>\n\n\n\n<p><a href=\"https:\/\/www.instagram.com\/zaradnyphotography\/\" data-type=\"link\" data-id=\"https:\/\/www.instagram.com\/zaradnyphotography_szczecin\/\">Instagram<\/a> \/ <a href=\"https:\/\/www.facebook.com\/zaradnyphotography\/\" data-type=\"link\" data-id=\"https:\/\/www.facebook.com\/zaradnyphotography\/\">Facebook<\/a><\/p>\n<\/div>\n<\/div>\n<\/div>\n<\/div>\n<\/div>\n\n\n\n<hr class=\"wp-block-separator has-alpha-channel-opacity is-style-wide\"\/>\n\n\n\n<h3 class=\"wp-block-heading has-heading-font-family has-large-font-size\">Podoba Ci si\u0119?<\/h3>\n\n\n\n<p>Kliknij poni\u017cej aby si\u0119 z nami skontaktowa\u0107!<\/p>\n\n\n\n<div class=\"wp-block-buttons is-layout-flex wp-block-buttons-is-layout-flex\">\n<div class=\"wp-block-button\"><a class=\"wp-block-button__link wp-element-button\" href=\"https:\/\/zaradny-photography.com\/kontakt\/\">KONTAKT<\/a><\/div>\n<\/div>\n<\/div>\n<\/div><\/div>\n<\/div><\/div>\n\n\n\n<div class=\"wp-block-group alignfull has-global-padding is-layout-constrained wp-block-group-is-layout-constrained\">\n<hr class=\"wp-block-separator alignfull has-alpha-channel-opacity is-style-wide\"\/>\n<\/div>\n","protected":false},"excerpt":{"rendered":"<p>Witaj na naszej stronie. Cieszymy si\u0119 \u017ce tu jeste\u015b. Czym si\u0119 zajmujemy? Fotografia \u015blubna jest na pierwszym miejscu. Specjalizujemy si\u0119 przede wszystkim w reporta\u017cu \u015blubnym oraz sesjach plenerowych. Nasz\u0105 drug\u0105 mi\u0142o\u015bci\u0105 sta\u0142 si\u0119 obraz ruchomy \u2013 film \u015blubny oraz teledysk \u015blubny. Od roku 2021 tworzymy r\u00f3wnie\u017c dla Was nowoczesne filmy \u015blubne przepe\u0142nione Wasz\u0105 blisko\u015bci\u0105 i [&hellip;]<\/p>\n","protected":false},"author":2,"featured_media":0,"parent":0,"menu_order":0,"comment_status":"closed","ping_status":"closed","template":"","meta":{"_eb_attr":"Akaya Kanadaka,Georgia","footnotes":""},"class_list":["post-68","page","type-page","status-publish","hentry"],"_links":{"self":[{"href":"https:\/\/zaradny-photography.com\/de\/wp-json\/wp\/v2\/pages\/68","targetHints":{"allow":["GET"]}}],"collection":[{"href":"https:\/\/zaradny-photography.com\/de\/wp-json\/wp\/v2\/pages"}],"about":[{"href":"https:\/\/zaradny-photography.com\/de\/wp-json\/wp\/v2\/types\/page"}],"author":[{"embeddable":true,"href":"https:\/\/zaradny-photography.com\/de\/wp-json\/wp\/v2\/users\/2"}],"replies":[{"embeddable":true,"href":"https:\/\/zaradny-photography.com\/de\/wp-json\/wp\/v2\/comments?post=68"}],"version-history":[{"count":89,"href":"https:\/\/zaradny-photography.com\/de\/wp-json\/wp\/v2\/pages\/68\/revisions"}],"predecessor-version":[{"id":4601,"href":"https:\/\/zaradny-photography.com\/de\/wp-json\/wp\/v2\/pages\/68\/revisions\/4601"}],"wp:attachment":[{"href":"https:\/\/zaradny-photography.com\/de\/wp-json\/wp\/v2\/media?parent=68"}],"curies":[{"name":"wp","href":"https:\/\/api.w.org\/{rel}","templated":true}]}}