{"id":70,"date":"2023-01-20T10:46:12","date_gmt":"2023-01-20T10:46:12","guid":{"rendered":"http:\/\/zaradny-photography.com\/?page_id=70"},"modified":"2025-03-27T19:25:15","modified_gmt":"2025-03-27T19:25:15","slug":"o-nas","status":"publish","type":"page","link":"https:\/\/zaradny-photography.com\/de\/o-nas\/","title":{"rendered":"\u00dcBER UNS"},"content":{"rendered":"<h2 class=\"wp-block-heading has-text-align-center has-medium-font-size\">\u00dcBER UNS<\/h2>\n\n\n\n<hr class=\"wp-block-separator has-alpha-channel-opacity\"\/>\n\n\n\n<div class=\"wp-block-columns alignfull has-accent-background-color has-background is-layout-flex wp-container-core-columns-is-layout-1da03c2a wp-block-columns-is-layout-flex\">\n<div class=\"wp-block-column is-vertically-aligned-stretch is-layout-flow wp-block-column-is-layout-flow\" style=\"flex-basis:50%\">\n<div class=\"wp-block-group is-vertical is-content-justification-stretch is-layout-flex wp-container-core-group-is-layout-401b7a8a wp-block-group-is-layout-flex\" style=\"min-height:100%\">\n<p class=\"has-text-align-right has-heading-font-family has-large-font-size\" style=\"line-height:1.2\">Unser Name ist <\/p>\n\n\n\n<p class=\"has-text-align-right has-heading-font-family has-large-font-size\" style=\"line-height:1.2\">Faustyna und Alan Zaradny<\/p>\n\n\n\n<p><\/p>\n\n\n\n<div class=\"wp-block-media-text has-media-on-the-right is-stacked-on-mobile is-vertically-aligned-center\" style=\"grid-template-columns:auto 85%\"><div class=\"wp-block-media-text__content\">\n<p><\/p>\n<\/div><figure class=\"wp-block-media-text__media\"><img loading=\"lazy\" decoding=\"async\" width=\"1024\" height=\"683\" src=\"http:\/\/zaradny-photography.com\/wp-content\/uploads\/2025\/03\/DSC04895-kopia-1024x683.jpg\" alt=\"\" class=\"wp-image-4627 size-full\" srcset=\"https:\/\/zaradny-photography.com\/wp-content\/uploads\/2025\/03\/DSC04895-kopia-1024x683.jpg 1024w, https:\/\/zaradny-photography.com\/wp-content\/uploads\/2025\/03\/DSC04895-kopia-300x200.jpg 300w, https:\/\/zaradny-photography.com\/wp-content\/uploads\/2025\/03\/DSC04895-kopia-768x512.jpg 768w, https:\/\/zaradny-photography.com\/wp-content\/uploads\/2025\/03\/DSC04895-kopia-1536x1024.jpg 1536w, https:\/\/zaradny-photography.com\/wp-content\/uploads\/2025\/03\/DSC04895-kopia-18x12.jpg 18w, https:\/\/zaradny-photography.com\/wp-content\/uploads\/2025\/03\/DSC04895-kopia.jpg 1800w\" sizes=\"auto, (max-width: 1024px) 100vw, 1024px\" \/><\/figure><\/div>\n\n\n\n<blockquote class=\"wp-block-quote has-accent-background-color has-background is-layout-flow wp-block-quote-is-layout-flow\">\n<p class=\"has-text-align-right has-large-font-size\">und wir freuen uns, dass Sie unsere Website besuchen.<\/p>\n<\/blockquote>\n<\/div>\n<\/div>\n\n\n\n<div class=\"wp-block-column is-vertically-aligned-center is-layout-flow wp-block-column-is-layout-flow\" style=\"flex-basis:50%\">\n<figure class=\"wp-block-image size-full is-resized is-style-rounded is-style-rounded--1\"><img loading=\"lazy\" decoding=\"async\" width=\"660\" height=\"989\" src=\"https:\/\/zaradny-photography.com\/wp-content\/uploads\/2024\/10\/DSC01457-3.jpg\" alt=\"\" class=\"wp-image-4452\" style=\"aspect-ratio:0.75;object-fit:cover;width:587px;height:auto\" srcset=\"https:\/\/zaradny-photography.com\/wp-content\/uploads\/2024\/10\/DSC01457-3.jpg 660w, https:\/\/zaradny-photography.com\/wp-content\/uploads\/2024\/10\/DSC01457-3-200x300.jpg 200w\" sizes=\"auto, (max-width: 660px) 100vw, 660px\" \/><\/figure>\n<\/div>\n<\/div>\n\n\n\n<p><\/p>\n\n\n\n<p><\/p>\n\n\n\n<div class=\"wp-block-columns alignwide is-layout-flex wp-container-core-columns-is-layout-28f84493 wp-block-columns-is-layout-flex\">\n<div class=\"wp-block-column has-global-padding is-layout-constrained wp-block-column-is-layout-constrained\">\n<h2 class=\"wp-block-heading alignfull\">Alan<\/h2>\n\n\n\n<hr class=\"wp-block-separator has-alpha-channel-opacity is-style-wide\"\/>\n\n\n\n<p>Wenn ich mich \u00fcber das, was ich tue, definieren m\u00f6chte (ich denke an Fotografie), dann bin ich in erster Linie Reporter, weil ich das nun schon seit 16 Jahren mache. Privat ist er Ehemann, Vater, Motorradfahrer, Hundeliebhaber, Liebhaber von Sport und guter Musik. Dennoch ist es die Fotografie und ihr Spezialgebiet \u2013 die Reportage, die mich v\u00f6llig in ihren Bann zieht, was wiederum aus meiner gro\u00dfen Sympathie f\u00fcr die menschliche Natur resultiert. Ich liebe Menschen und sage immer, dass das Beste am Hochzeitstag die resultierende Variable ist, also alles, was nicht im Voraus geplant werden konnte. Ich liebe es, an mehreren Orten gleichzeitig zu sein, ich mag es wirklich, nicht invasiv zu sein, und gleichzeitig bin ich so, wo immer etwas passiert. <\/p>\n\n\n\n<p>Seit 2021 gehe ich meiner lange verborgenen Faszination f\u00fcr das bewegte Bild nach \u2013 ich filme. Ich glaube, ich habe mich selbst wiederentdeckt und halte es f\u00fcr einen Erfolg. Dank dieser Form habe ich mein Abenteuer mit dem Filmen von einer Drohne aus begonnen, wodurch ich eine neue Wahrnehmung des Weltraums entdecken konnte , und es liegt eine weitere Saison vor uns. All dies erm\u00f6glicht es mir, mich in diesem Bereich der Arbeit mit Optik weiterzuentwickeln. Und im Leben muss man sich au\u00dferhalb des Spa\u00dfes weiterentwickeln, am besten, wenn dies in jedem Fall mit der hier erw\u00e4hnten Leidenschaft einhergeht. <\/p>\n\n\n\n<p>Mein Inhalt ist ausnahmslos eine reine Hochzeitsreportage, denn wie eingangs erw\u00e4hnt: Menschen \u2013 Energie, die in keinem anderen Raum reproduziert werden kann.<\/p>\n<\/div>\n\n\n\n<div class=\"wp-block-column has-global-padding is-layout-constrained wp-block-column-is-layout-constrained\">\n<figure class=\"wp-block-image alignwide size-full is-style-rounded is-style-rounded--2\"><img loading=\"lazy\" decoding=\"async\" width=\"1024\" height=\"683\" src=\"http:\/\/zaradny-photography.com\/wp-content\/uploads\/2024\/10\/IMG_3215-1.jpg\" alt=\"\" class=\"wp-image-4409\" srcset=\"https:\/\/zaradny-photography.com\/wp-content\/uploads\/2024\/10\/IMG_3215-1.jpg 1024w, https:\/\/zaradny-photography.com\/wp-content\/uploads\/2024\/10\/IMG_3215-1-300x200.jpg 300w, https:\/\/zaradny-photography.com\/wp-content\/uploads\/2024\/10\/IMG_3215-1-768x512.jpg 768w\" sizes=\"auto, (max-width: 1024px) 100vw, 1024px\" \/><\/figure>\n\n\n\n<h2 class=\"wp-block-heading has-x-large-font-size\">Faustyna<\/h2>\n\n\n\n<hr class=\"wp-block-separator has-alpha-channel-opacity is-style-wide\"\/>\n\n\n\n<p class=\"wp-container-content-9cfa9a5a\">Fotografie und Leidenschaft f\u00fcr Mode und Menschen begleiteten mich schon immer. Ich habe meine Zukunft einst mit Mode verbunden. Etwa 10 Jahre lang war ich Styling- und Merchandising-Trainerin und Fotografin. Ich reiste um die Welt und lernte und teilte Wissen dar\u00fcber, wie man mit Mode und Stil spielt. Die Fotografie hat mich jedoch beim 100% fasziniert. Insgesamt bringen wir Ihre Sch\u00f6nheit seit 16 Jahren durch Bilder zum Ausdruck und tun dies immer noch mit gro\u00dfer Hingabe und Freude. Ich bin ein Perfektionist, ich spiele gerne mit Licht und neben dem Fotografieren mache ich auch Retusche. Ich verfeinere die Farben und erstelle Ihre wundersch\u00f6nen Alben. Ich konzentriere mich auf nat\u00fcrliche Fotografie, ich ver\u00e4ndere die Realit\u00e4t nicht. Ich helfe Ihnen, sich zu entspannen, sich zu zeigen und sich vor der Kamera wohl zu f\u00fchlen. Kurz gesagt, ich mag Menschen und die Arbeit mit ihnen, und ich liebe meine Familie \u00fcber alles.<\/p>\n<\/div>\n\n\n\n<div class=\"wp-block-column has-global-padding is-layout-constrained wp-block-column-is-layout-constrained\">\n<figure class=\"wp-block-image alignfull size-full is-style-rounded is-style-rounded--3\"><img loading=\"lazy\" decoding=\"async\" width=\"512\" height=\"1024\" src=\"http:\/\/zaradny-photography.com\/wp-content\/uploads\/2024\/10\/DSC00904-1.jpg\" alt=\"\" class=\"wp-image-4412\" srcset=\"https:\/\/zaradny-photography.com\/wp-content\/uploads\/2024\/10\/DSC00904-1.jpg 512w, https:\/\/zaradny-photography.com\/wp-content\/uploads\/2024\/10\/DSC00904-1-150x300.jpg 150w\" sizes=\"auto, (max-width: 512px) 100vw, 512px\" \/><\/figure>\n<\/div>\n<\/div>\n\n\n\n<p><\/p>\n\n\n\n<p><\/p>\n\n\n\n<div class=\"wp-block-group alignfull has-accent-5-background-color has-background has-global-padding is-layout-constrained wp-container-core-group-is-layout-3aaaaffa wp-block-group-is-layout-constrained\" style=\"margin-top:0;margin-bottom:0;padding-top:var(--wp--preset--spacing--50);padding-right:var(--wp--preset--spacing--50);padding-bottom:var(--wp--preset--spacing--50);padding-left:var(--wp--preset--spacing--50)\">\n<div class=\"wp-block-columns alignwide is-layout-flex wp-container-core-columns-is-layout-1da03c2a wp-block-columns-is-layout-flex\">\n<div class=\"wp-block-column is-vertically-aligned-center is-layout-flow wp-block-column-is-layout-flow\" style=\"flex-basis:60%\">\n<figure class=\"wp-block-image size-full is-resized is-style-rounded wp-duotone-duotone-1 is-style-rounded--4\"><img loading=\"lazy\" decoding=\"async\" width=\"1024\" height=\"683\" src=\"http:\/\/zaradny-photography.com\/wp-content\/uploads\/2024\/10\/DSC00636-2.jpg\" alt=\"\" class=\"wp-image-4411\" style=\"aspect-ratio:1.3333333333333333;object-fit:cover;width:721px;height:auto\" srcset=\"https:\/\/zaradny-photography.com\/wp-content\/uploads\/2024\/10\/DSC00636-2.jpg 1024w, https:\/\/zaradny-photography.com\/wp-content\/uploads\/2024\/10\/DSC00636-2-300x200.jpg 300w, https:\/\/zaradny-photography.com\/wp-content\/uploads\/2024\/10\/DSC00636-2-768x512.jpg 768w\" sizes=\"auto, (max-width: 1024px) 100vw, 1024px\" \/><\/figure>\n<\/div>\n\n\n\n<div class=\"wp-block-column is-layout-flow wp-block-column-is-layout-flow\" style=\"flex-basis:40%\">\n<blockquote class=\"wp-block-quote has-accent-5-background-color has-background has-medium-font-size is-layout-flow wp-block-quote-is-layout-flow\">\n<p class=\"has-text-align-center has-medium-font-size\">\u201eW\u00e4hlen Sie einen Job, den Sie lieben, und Sie werden keinen Tag in Ihrem Leben arbeiten.\u201c<\/p>\n<\/blockquote>\n\n\n\n<p class=\"has-small-font-size\">Ein Zitat, das die Natur unserer Arbeit perfekt widerspiegelt. Wir nutzen unsere Leidenschaft und Sensibilit\u00e4t, um au\u00dfergew\u00f6hnliche Momente und Emotionen im Kameraobjektiv festzuhalten, und unsere Energie und positive Einstellung ermutigen Sie, sich zu \u00f6ffnen und sich auf die Gef\u00fchle zu konzentrieren, die Ihnen am wichtigsten sind. An Ihrem Hochzeitstag werden wir Ihre Freunde. Sie werden das Gef\u00fchl haben, als ob Sie schon lange bei uns w\u00e4ren, und gleichzeitig sind wir aufmerksame Beobachter, wir bleiben im Hintergrund, wir versuchen unsichtbar zu sein, wir ziehen so wenig Aufmerksamkeit wie m\u00f6glich auf uns und das sind wir auch wo wir sein m\u00fcssen, in den wichtigsten und entscheidenden Momenten. An diesem besonderen Tag gilt unsere ganze Aufmerksamkeit nur Ihnen und Ihrer Umgebung.<\/p>\n\n\n\n<figure class=\"wp-block-gallery alignwide has-nested-images columns-default is-cropped wp-block-gallery-7 is-layout-flex wp-block-gallery-is-layout-flex\">\n<figure class=\"wp-block-image size-full is-style-rounded is-style-rounded--5\"><img loading=\"lazy\" decoding=\"async\" width=\"1024\" height=\"683\" data-id=\"4417\" src=\"http:\/\/zaradny-photography.com\/wp-content\/uploads\/2024\/10\/DSC08403.jpg\" alt=\"\" class=\"wp-image-4417\" srcset=\"https:\/\/zaradny-photography.com\/wp-content\/uploads\/2024\/10\/DSC08403.jpg 1024w, https:\/\/zaradny-photography.com\/wp-content\/uploads\/2024\/10\/DSC08403-300x200.jpg 300w, https:\/\/zaradny-photography.com\/wp-content\/uploads\/2024\/10\/DSC08403-768x512.jpg 768w\" sizes=\"auto, (max-width: 1024px) 100vw, 1024px\" \/><\/figure>\n\n\n\n<figure class=\"wp-block-image size-full is-style-rounded is-style-rounded--6\"><img loading=\"lazy\" decoding=\"async\" width=\"1024\" height=\"683\" data-id=\"4410\" src=\"http:\/\/zaradny-photography.com\/wp-content\/uploads\/2024\/10\/DSC00257.jpg\" alt=\"\" class=\"wp-image-4410\" srcset=\"https:\/\/zaradny-photography.com\/wp-content\/uploads\/2024\/10\/DSC00257.jpg 1024w, https:\/\/zaradny-photography.com\/wp-content\/uploads\/2024\/10\/DSC00257-300x200.jpg 300w, https:\/\/zaradny-photography.com\/wp-content\/uploads\/2024\/10\/DSC00257-768x512.jpg 768w\" sizes=\"auto, (max-width: 1024px) 100vw, 1024px\" \/><\/figure>\n<\/figure>\n<\/div>\n<\/div>\n<\/div>\n\n\n\n<hr class=\"wp-block-separator alignfull has-alpha-channel-opacity is-style-wide\"\/>\n\n\n\n<div class=\"wp-block-media-text alignfull is-stacked-on-mobile is-vertically-aligned-center is-image-fill-element\" style=\"grid-template-columns:56% auto\"><figure class=\"wp-block-media-text__media\"><img loading=\"lazy\" decoding=\"async\" width=\"1024\" height=\"683\" src=\"http:\/\/zaradny-photography.com\/wp-content\/uploads\/2024\/10\/Zaradny-Photography-Film-plener-2024-172.jpg\" alt=\"\" class=\"wp-image-4312 size-full\" style=\"object-position:48% 21%\" srcset=\"https:\/\/zaradny-photography.com\/wp-content\/uploads\/2024\/10\/Zaradny-Photography-Film-plener-2024-172.jpg 1024w, https:\/\/zaradny-photography.com\/wp-content\/uploads\/2024\/10\/Zaradny-Photography-Film-plener-2024-172-300x200.jpg 300w, https:\/\/zaradny-photography.com\/wp-content\/uploads\/2024\/10\/Zaradny-Photography-Film-plener-2024-172-768x512.jpg 768w\" sizes=\"auto, (max-width: 1024px) 100vw, 1024px\" \/><\/figure><div class=\"wp-block-media-text__content\">\n<div class=\"wp-block-group alignwide is-layout-flow wp-block-group-is-layout-flow\" style=\"padding-top:var(--wp--preset--spacing--50);padding-bottom:var(--wp--preset--spacing--50)\">\n<div class=\"wp-block-columns is-layout-flex wp-container-core-columns-is-layout-633352e7 wp-block-columns-is-layout-flex\" style=\"padding-top:var(--wp--preset--spacing--10)\">\n<div class=\"wp-block-column is-layout-flow wp-block-column-is-layout-flow\" style=\"flex-basis:34.48%\">\n<div class=\"wp-block-columns is-not-stacked-on-mobile is-layout-flex wp-container-core-columns-is-layout-28f84493 wp-block-columns-is-layout-flex\">\n<div class=\"wp-block-column is-layout-flow wp-block-column-is-layout-flow\">\n<div class=\"wp-block-group is-vertical is-layout-flex wp-container-core-group-is-layout-ea0cb840 wp-block-group-is-layout-flex\">\n<h3 class=\"wp-block-heading has-text-align-center has-heading-font-family has-medium-font-size\">FOLGEN SIE UNS <\/h3>\n\n\n\n<p><a href=\"https:\/\/www.instagram.com\/zaradnyphotography\/\" data-type=\"link\" data-id=\"https:\/\/www.instagram.com\/zaradnyphotography_szczecin\/\">Instagram<\/a> \/ <a href=\"https:\/\/www.facebook.com\/zaradnyphotography\/\" data-type=\"link\" data-id=\"https:\/\/www.facebook.com\/zaradnyphotography\/\">Facebook<\/a><\/p>\n<\/div>\n<\/div>\n<\/div>\n<\/div>\n<\/div>\n\n\n\n<hr class=\"wp-block-separator has-alpha-channel-opacity is-style-wide\"\/>\n\n\n\n<h3 class=\"wp-block-heading has-heading-font-family has-large-font-size\">Gef\u00e4llt es dir?<\/h3>\n\n\n\n<p>Klicken Sie unten, um mit uns Kontakt aufzunehmen!<\/p>\n\n\n\n<div class=\"wp-block-buttons is-layout-flex wp-block-buttons-is-layout-flex\">\n<div class=\"wp-block-button\"><a class=\"wp-block-button__link wp-element-button\" href=\"https:\/\/zaradny-photography.com\/de\/kontakt\/\">KONTAKT<\/a><\/div>\n<\/div>\n<\/div>\n<\/div><\/div>\n\n\n\n<hr class=\"wp-block-separator alignfull has-alpha-channel-opacity is-style-wide\"\/>","protected":false},"excerpt":{"rendered":"<p>O NAS Nazywamy si\u0119 Faustyna i Alan Zaradny i cieszymy si\u0119, \u017ce odwiedzasz nasz\u0105 stron\u0119. Alan Chc\u0105c si\u0119 okre\u015bli\u0107 w tym co robi\u0119 (my\u015bl\u0119 o fotografii) bo ni\u0105 zajmuj\u0119 si\u0119 na chwil\u0119 obecn\u0105 16 lat, jestem przede wszystkim reporta\u017cyst\u0105. Prywatnie m\u0105\u017c, tata, motocyklista, psiarz, pasjonat sportu i dobrej muzyki. Nie mniej to w\u0142a\u015bnie fotografia i [&hellip;]<\/p>\n","protected":false},"author":2,"featured_media":0,"parent":0,"menu_order":0,"comment_status":"closed","ping_status":"closed","template":"","meta":{"_eb_attr":"","footnotes":""},"class_list":["post-70","page","type-page","status-publish","hentry"],"_links":{"self":[{"href":"https:\/\/zaradny-photography.com\/de\/wp-json\/wp\/v2\/pages\/70","targetHints":{"allow":["GET"]}}],"collection":[{"href":"https:\/\/zaradny-photography.com\/de\/wp-json\/wp\/v2\/pages"}],"about":[{"href":"https:\/\/zaradny-photography.com\/de\/wp-json\/wp\/v2\/types\/page"}],"author":[{"embeddable":true,"href":"https:\/\/zaradny-photography.com\/de\/wp-json\/wp\/v2\/users\/2"}],"replies":[{"embeddable":true,"href":"https:\/\/zaradny-photography.com\/de\/wp-json\/wp\/v2\/comments?post=70"}],"version-history":[{"count":25,"href":"https:\/\/zaradny-photography.com\/de\/wp-json\/wp\/v2\/pages\/70\/revisions"}],"predecessor-version":[{"id":4629,"href":"https:\/\/zaradny-photography.com\/de\/wp-json\/wp\/v2\/pages\/70\/revisions\/4629"}],"wp:attachment":[{"href":"https:\/\/zaradny-photography.com\/de\/wp-json\/wp\/v2\/media?parent=70"}],"curies":[{"name":"wp","href":"https:\/\/api.w.org\/{rel}","templated":true}]}}